{"id":3002,"date":"2021-05-23T21:18:18","date_gmt":"2021-05-23T19:18:18","guid":{"rendered":"https:\/\/www.mmaurer.at\/?page_id=3002"},"modified":"2026-01-26T11:40:54","modified_gmt":"2026-01-26T10:40:54","slug":"about-us","status":"publish","type":"page","link":"https:\/\/www.mmaurer.at\/en\/ueber-uns\/","title":{"rendered":"ABOUT US"},"content":{"rendered":"<p>[et_pb_section fb_built=&#8220;1&#8243; _builder_version=&#8220;4.27.4&#8243; _module_preset=&#8220;default&#8220; custom_margin=&#8220;||0px||false|false&#8220; custom_margin_tablet=&#8220;0px||||false|false&#8220; custom_margin_phone=&#8220;0px||||false|false&#8220; custom_margin_last_edited=&#8220;on|tablet&#8220; custom_padding=&#8220;0px|0px|0px||false|false&#8220; global_module=&#8220;4477&#8243; saved_tabs=&#8220;all&#8220; global_colors_info=&#8220;{}&#8220;][et_pb_row column_structure=&#8220;3_4,1_4&#8243; _builder_version=&#8220;4.27.4&#8243; _module_preset=&#8220;default&#8220; background_color=&#8220;#3974ba&#8220; width=&#8220;100%&#8220; custom_margin=&#8220;0px|auto|0px|auto|false|false&#8220; custom_padding=&#8220;0px||0px||false|false&#8220; global_colors_info=&#8220;{}&#8220;][et_pb_column type=&#8220;3_4&#8243; _builder_version=&#8220;4.27.4&#8243; _module_preset=&#8220;default&#8220; global_colors_info=&#8220;{}&#8220;][et_pb_divider _builder_version=&#8220;4.27.4&#8243; _module_preset=&#8220;default&#8220; global_colors_info=&#8220;{}&#8220;][\/et_pb_divider][\/et_pb_column][et_pb_column type=&#8220;1_4&#8243; _builder_version=&#8220;4.27.4&#8243; _module_preset=&#8220;default&#8220; global_colors_info=&#8220;{}&#8220;][\/et_pb_column][\/et_pb_row][et_pb_row column_structure=&#8220;3_4,1_4&#8243; _builder_version=&#8220;4.27.4&#8243; _module_preset=&#8220;default&#8220; width=&#8220;100%&#8220; custom_margin=&#8220;0px|0px|0px|0px|false|false&#8220; custom_margin_tablet=&#8220;0px|0px|-65px|0px|false|false&#8220; custom_margin_phone=&#8220;||-65px||false|false&#8220; custom_margin_last_edited=&#8220;on|tablet&#8220; custom_padding=&#8220;0px|0px|0px|0px|false|false&#8220; global_colors_info=&#8220;{}&#8220;][et_pb_column type=&#8220;3_4&#8243; _builder_version=&#8220;4.25.1&#8243; _module_preset=&#8220;default&#8220; global_colors_info=&#8220;{}&#8220;][et_pb_menu active_link_color=&#8220;#3a74ba&#8220; logo=&#8220;https:\/\/www.mmaurer.at\/wp-content\/uploads\/2025\/07\/MMaurer-Logo-Text_RGB_gross.png&#8220; logo_url=&#8220;@ET-DC@eyJkeW5hbWljIjp0cnVlLCJjb250ZW50IjoicG9zdF9saW5rX3VybF9wYWdlIiwic2V0dGluZ3MiOnsicG9zdF9pZCI6IjQ0MjUifX0=@&#8220; logo_width=&#8220;25%&#8220; logo_tablet=&#8220;https:\/\/www.mmaurer.at\/wp-content\/uploads\/2025\/07\/Maurer-Logo.png&#8220; logo_phone=&#8220;https:\/\/www.mmaurer.at\/wp-content\/uploads\/2025\/07\/MAURER-Rundes-Logo.png&#8220; logo_last_edited=&#8220;on|tablet&#8220; logo_width_tablet=&#8220;&#8220; logo_width_phone=&#8220;35%&#8220; logo_width_last_edited=&#8220;on|phone&#8220; _builder_version=&#8220;4.27.4&#8243; _dynamic_attributes=&#8220;logo_url&#8220; _module_preset=&#8220;default&#8220; menu_font=&#8220;|600|||||||&#8220; menu_font_size=&#8220;16px&#8220; max_height=&#8220;88%&#8220; custom_margin=&#8220;10px|0px|10px||true|false&#8220; custom_margin_tablet=&#8220;0px||||false|false&#8220; custom_margin_phone=&#8220;&#8220; custom_margin_last_edited=&#8220;on|tablet&#8220; custom_padding=&#8220;|0px|0px|0px|false|false&#8220; global_colors_info=&#8220;{}&#8220;][\/et_pb_menu][\/et_pb_column][et_pb_column type=&#8220;1_4&#8243; _builder_version=&#8220;4.25.1&#8243; _module_preset=&#8220;default&#8220; global_colors_info=&#8220;{}&#8220;][et_pb_button button_url=&#8220;@ET-DC@eyJkeW5hbWljIjp0cnVlLCJjb250ZW50IjoicG9zdF9saW5rX3VybF9wYWdlIiwic2V0dGluZ3MiOnsicG9zdF9pZCI6IjQ1MTYifX0=@&#8220; button_text=&#8220;Zum Shop f\u00fcr Lagerware&#8220; button_alignment=&#8220;right&#8220; disabled_on=&#8220;on|on|on&#8220; _builder_version=&#8220;4.27.4&#8243; _dynamic_attributes=&#8220;button_url&#8220; _module_preset=&#8220;default&#8220; custom_button=&#8220;on&#8220; button_text_size=&#8220;16px&#8220; button_text_color=&#8220;#FFFFFF&#8220; button_bg_color=&#8220;#3973b9&#8243; button_border_width=&#8220;0px&#8220; button_border_radius=&#8220;10px&#8220; button_font=&#8220;|700|||||||&#8220; custom_margin=&#8220;50px||||false|false&#8220; custom_margin_tablet=&#8220;1px||||false|false&#8220; custom_margin_phone=&#8220;0px||||false|false&#8220; custom_margin_last_edited=&#8220;on|phone&#8220; custom_padding=&#8220;|30px||30px|false|true&#8220; disabled=&#8220;on&#8220; global_colors_info=&#8220;{}&#8220;][\/et_pb_button][\/et_pb_column][\/et_pb_row][\/et_pb_section][et_pb_section fb_built=&#8220;1&#8243; _builder_version=&#8220;4.27.4&#8243; _module_preset=&#8220;default&#8220; background_image=&#8220;https:\/\/www.mmaurer.at\/wp-content\/uploads\/2025\/08\/titelbild4.jpg&#8220; min_height=&#8220;500px&#8220; global_colors_info=&#8220;{}&#8220;][et_pb_row _builder_version=&#8220;4.27.4&#8243; _module_preset=&#8220;default&#8220; global_colors_info=&#8220;{}&#8220;][et_pb_column type=&#8220;4_4&#8243; _builder_version=&#8220;4.27.4&#8243; _module_preset=&#8220;default&#8220; global_colors_info=&#8220;{}&#8220;][et_pb_text _builder_version=&#8220;4.27.4&#8243; _module_preset=&#8220;default&#8220; header_text_align=&#8220;center&#8220; header_font_size=&#8220;55px&#8220; background_layout=&#8220;dark&#8220; max_width=&#8220;70%&#8220; max_width_tablet=&#8220;70%&#8220; max_width_phone=&#8220;90%&#8220; max_width_last_edited=&#8220;on|phone&#8220; module_alignment=&#8220;center&#8220; custom_margin=&#8220;100px||||false|false&#8220; header_font_size_tablet=&#8220;55px&#8220; header_font_size_phone=&#8220;35px&#8220; header_font_size_last_edited=&#8220;on|phone&#8220; header_text_shadow_style=&#8220;preset4&#8243; header_text_shadow_vertical_length=&#8220;0.03em&#8220; header_text_shadow_color=&#8220;#000000&#8243; global_colors_info=&#8220;{}&#8220;]<\/p>\n<h1 class=\"et_pb_slide_title\">M.Maurer \u2013 Ein Wiener Familienunternehmen mit Geschichte und Seele.<\/h1>\n<p>[\/et_pb_text][\/et_pb_column][\/et_pb_row][\/et_pb_section][et_pb_section fb_built=&#8220;1&#8243; _builder_version=&#8220;4.25.1&#8243; _module_preset=&#8220;default&#8220; custom_padding=&#8220;27px||5px|0px||&#8220; global_colors_info=&#8220;{}&#8220;][et_pb_row _builder_version=&#8220;4.25.1&#8243; _module_preset=&#8220;default&#8220; global_colors_info=&#8220;{}&#8220;][et_pb_column type=&#8220;4_4&#8243; _builder_version=&#8220;4.25.1&#8243; _module_preset=&#8220;default&#8220; global_colors_info=&#8220;{}&#8220;][et_pb_text _builder_version=&#8220;4.27.4&#8243; _module_preset=&#8220;default&#8220; header_font=&#8220;|800|||||||&#8220; header_text_align=&#8220;center&#8220; text_orientation=&#8220;center&#8220; min_height=&#8220;27px&#8220; custom_margin=&#8220;||1px|||&#8220; custom_padding=&#8220;||0px|||&#8220; global_colors_info=&#8220;{}&#8220;]<\/p>\n<h2 style=\"text-align: left;\"><span>Seit 1863 steht unser Name f\u00fcr Handarbeit, Qualit\u00e4t und Verl\u00e4sslichkeit <\/span><\/h2>\n<h2><\/h2>\n<p>[\/et_pb_text][et_pb_text _builder_version=&#8220;4.27.4&#8243; _module_preset=&#8220;default&#8220; header_font=&#8220;|800|||||||&#8220; header_text_align=&#8220;center&#8220; text_orientation=&#8220;center&#8220; global_colors_info=&#8220;{}&#8220;]<\/p>\n<p style=\"font-weight: 400; text-align: left;\">Was als kleine Posamentenwerkstatt begann, ist heute die letzte ihrer Art in Wien \u2013 und weit \u00fcber die Stadtgrenzen hinaus bekannt. Seit \u00fcber 160 Jahren widmen wir uns der Kunst der Textilveredelung: mit Kordeln, Borten, Quasten, Ordensb\u00e4ndern und Uniformeffekten.<\/p>\n<p style=\"font-weight: 400; text-align: left;\">Wir sind stolz auf unser Handwerk \u2013 und auf die Menschen, die es tragen. Vom Dirndlschmuck bis zum Bundespr\u00e4sidenten, von der Theaterb\u00fchne bis zur Ehrenauszeichnung: Unsere Posamenten erz\u00e4hlen Geschichten. Und wir erz\u00e4hlen sie mit.<\/p>\n<p>[\/et_pb_text][et_pb_text _builder_version=&#8220;4.27.4&#8243; _module_preset=&#8220;default&#8220; header_font=&#8220;|800|||||||&#8220; header_text_align=&#8220;center&#8220; text_orientation=&#8220;center&#8220; custom_margin=&#8220;||0px|||&#8220; global_colors_info=&#8220;{}&#8220;]<\/p>\n<div>\n<h2 style=\"text-align: left;\">6 Generationen \u2013 1 Mission: Textilkultur erhalten<o:p><\/o:p><\/h2>\n<\/div>\n<p>[\/et_pb_text][et_pb_text _builder_version=&#8220;4.27.4&#8243; _module_preset=&#8220;default&#8220; header_font=&#8220;|800|||||||&#8220; header_text_align=&#8220;center&#8220; text_orientation=&#8220;center&#8220; global_colors_info=&#8220;{}&#8220;]<\/p>\n<p style=\"font-weight: 400; text-align: left;\"><strong>M.Maurer ist mehr als ein Betrieb \u2013 es ist eine Berufung.<\/strong><\/p>\n<p style=\"font-weight: 400; text-align: left;\">Seit 1863 f\u00fchren wir unser Unternehmen in Familienhand. Heute sind es <strong>Konrad Maurer<\/strong> und sein Sohn <strong>Albert<\/strong>, die die Geschichte weiterschreiben \u2013 mit Feingef\u00fchl f\u00fcr Tradition und einem klaren Blick in die Zukunft.<span> \u00a0<\/span>Unser Team besteht aus <strong>27 Mitarbeiter:innen<\/strong>, darunter erfahrene Kunsthandwerker:innen, junge Talente und zwei h\u00f6rgesch\u00e4digte Kolleg:innen. Gemeinsam mit \u00fcber <strong>20 Heimarbeiter:innen<\/strong> bewahren wir ein fast vergessenes Handwerk \u2013 mit Herz, K\u00f6nnen und Verantwortung.<\/p>\n<p>[\/et_pb_text][et_pb_text _builder_version=&#8220;4.27.4&#8243; _module_preset=&#8220;default&#8220; header_2_font_size=&#8220;30px&#8220; custom_margin=&#8220;||12px|||&#8220; global_colors_info=&#8220;{}&#8220;]<\/p>\n<h2 style=\"text-align: left;\"><span>Eine Geschichte mit Tiefe \u2013 unsere Timeline seit 1863 <\/span><\/h2>\n<p>[\/et_pb_text][et_pb_text _builder_version=&#8220;4.27.4&#8243; _module_preset=&#8220;default&#8220; header_2_font_size=&#8220;30px&#8220; global_colors_info=&#8220;{}&#8220;]<\/p>\n<p style=\"text-align: left;\">M.Maurer ist nicht einfach nur ein Unternehmen \u2013 es ist ein lebendes St\u00fcck \u00f6sterreichischer Industriegeschichte. Seit der Gr\u00fcndung durch <strong>Hans Maurer im Jahr 1863<\/strong> hat jede Generation ihre Spuren hinterlassen. Jeder Umzug, jede \u00dcbernahme, jedes neue Produkt erz\u00e4hlt von Pioniergeist, Krisenfestigkeit und Innovationskraft.<\/p>\n<p>[\/et_pb_text][\/et_pb_column][\/et_pb_row][\/et_pb_section][et_pb_section fb_built=&#8220;1&#8243; _builder_version=&#8220;4.25.1&#8243; _module_preset=&#8220;default&#8220; custom_padding=&#8220;4px|||||&#8220; global_colors_info=&#8220;{}&#8220;][et_pb_row _builder_version=&#8220;4.25.1&#8243; _module_preset=&#8220;default&#8220; global_colors_info=&#8220;{}&#8220;][et_pb_column type=&#8220;4_4&#8243; _builder_version=&#8220;4.25.1&#8243; _module_preset=&#8220;default&#8220; global_colors_info=&#8220;{}&#8220;][dsm_content_timeline dsm_timeline_style=&#8220;left&#8220; dsm_card_arrow=&#8220;on&#8220; dsm_tree_animation=&#8220;on&#8220; dsm_pointer_bg_color=&#8220;#000000&#8243; dsm_pointer_active_bg_color=&#8220;#3973b9&#8243; dsm_tree_bg_color=&#8220;#000000&#8243; dsm_tree_active_bg_color=&#8220;#3973b9&#8243; dsm_icon_image_align=&#8220;left&#8220; dsm_card_margin=&#8220;10px||10px||true|false&#8220; dsm_card_padding=&#8220;10px||10px||true|false&#8220; _builder_version=&#8220;4.27.4&#8243; _module_preset=&#8220;default&#8220; global_colors_info=&#8220;{}&#8220;][dsm_content_timeline_child dsm_image=&#8220;https:\/\/www.mmaurer.at\/wp-content\/uploads\/2022\/02\/Rudolf-Maurer-1-1.jpg&#8220; title_text=&#8220;Rudolf-Maurer-1&#8243; dsm_title=&#8220;1863 Gr\u00fcndung der Firma M.Maurer durch Hans Maurer \u2013 Beginn einer langen Handwerkstradition&#8220; dsm_content=&#8220;<\/p>\n<p>Der Firmenname M. Maurer entstand erst 1884 durch Matthias Maurer, dem Ururgro\u00dfvater von Konrad Maurer.<\/p>\n<p>&#8220; dsm_horizontal_alignment=&#8220;left&#8220; dsm_image_icon_width=&#8220;50%&#8220; dsm_icon_image_align=&#8220;left&#8220; _builder_version=&#8220;4.27.4&#8243; _module_preset=&#8220;default&#8220; header_font=&#8220;|800|||||||&#8220; global_colors_info=&#8220;{}&#8220; parent_header_level=&#8220;h4&#8243;][\/dsm_content_timeline_child][dsm_content_timeline_child dsm_title=&#8220;1884 Matthias Maurer Kandlgasse 17, Erzeuger von Folien, Perlenflitter, Gespinste, Dr\u00e4hte&#8220; _builder_version=&#8220;4.27.4&#8243; _module_preset=&#8220;default&#8220; header_font=&#8220;|800|||||||&#8220; global_colors_info=&#8220;{}&#8220; parent_header_level=&#8220;h4&#8243;][\/dsm_content_timeline_child][dsm_content_timeline_child dsm_title=&#8220;1891 &#8211; 1893 Friedrich Maurer steigt als Lehrling in das Unternehmen ein (Lehrberuf)&#8220; _builder_version=&#8220;4.27.4&#8243; _module_preset=&#8220;default&#8220; header_font=&#8220;|800|||||||&#8220; global_colors_info=&#8220;{}&#8220; parent_header_level=&#8220;h4&#8243;][\/dsm_content_timeline_child][dsm_content_timeline_child dsm_title=&#8220;1895 Kauf der Fa. Adolf Altmann Posamentierwaren-Fabrik&#8220; _builder_version=&#8220;4.27.4&#8243; _module_preset=&#8220;default&#8220; header_font=&#8220;|800|||||||&#8220; global_colors_info=&#8220;{}&#8220; parent_header_level=&#8220;h4&#8243;][\/dsm_content_timeline_child][dsm_content_timeline_child dsm_image=&#8220;https:\/\/www.mmaurer.at\/wp-content\/uploads\/2022\/02\/M.Maurer_Innenhof-Kopie.jpg&#8220; dsm_title=&#8220;1900 Bau der Firma M. Maurer im Innenhof der Kandelgasse 20 und Gr\u00fcndung als OHG &#8211; Golddraht-Zieherei und Spinnereigewerbe&#8220; dsm_image_icon_width=&#8220;50%&#8220; _builder_version=&#8220;4.27.4&#8243; _module_preset=&#8220;default&#8220; header_font=&#8220;|800|||||||&#8220; global_colors_info=&#8220;{}&#8220; parent_header_level=&#8220;h4&#8243;][\/dsm_content_timeline_child][dsm_content_timeline_child dsm_image=&#8220;https:\/\/www.mmaurer.at\/wp-content\/uploads\/2022\/02\/M.Maurer-aussen-neu-Kopie.jpg&#8220; title_text=&#8220;M.Maurer-aussen-neu-Kopie&#8220; dsm_title=&#8220;1918 Friedrich Maurer jun. steigt in das Unternehmen ein&#8220; dsm_image_icon_width=&#8220;50%&#8220; _builder_version=&#8220;4.25.1&#8243; _module_preset=&#8220;default&#8220; header_font=&#8220;|800|||||||&#8220; global_colors_info=&#8220;{}&#8220; parent_header_level=&#8220;h4&#8243;][\/dsm_content_timeline_child][dsm_content_timeline_child dsm_title=&#8220;1929 Weltwirtschaftskrise &#8211; Schwere Zeiten f\u00fcr die Firma und deren Konkurrenten&#8220; _builder_version=&#8220;4.27.4&#8243; _module_preset=&#8220;default&#8220; header_font=&#8220;|800|||||||&#8220; global_colors_info=&#8220;{}&#8220; parent_header_level=&#8220;h4&#8243;][\/dsm_content_timeline_child][dsm_content_timeline_child dsm_title=&#8220;1932-33 Ausstellung &#8211; Raum und Mode im \u00f6sterreichischen Museum f\u00fcr Kunst und Industrie in Wien&#8220; _builder_version=&#8220;4.27.4&#8243; _module_preset=&#8220;default&#8220; header_font=&#8220;|800|||||||&#8220; global_colors_info=&#8220;{}&#8220; parent_header_level=&#8220;h4&#8243;][\/dsm_content_timeline_child][dsm_content_timeline_child dsm_title=&#8220;1939 Friedrich Maurer sen. und Barbara Maurer ziehen sich aus dem Unternehmen zur\u00fcck und \u00fcbergeben die GS Anteile aliquot an ihre Kinder Friedrich und Barbara M. (Davies\/Franz)&#8220; _builder_version=&#8220;4.27.4&#8243; _module_preset=&#8220;default&#8220; header_font=&#8220;|800|||||||&#8220; global_colors_info=&#8220;{}&#8220; parent_header_level=&#8220;h4&#8243;][\/dsm_content_timeline_child][dsm_content_timeline_child dsm_title=&#8220;1945 Die Fa. Maurer besch\u00e4ftigte ca. 235 Mitarbeiter, Erweiterungen der Produktpalette, Umstellung auf maschinelle Fertigung&#8220; _builder_version=&#8220;4.27.4&#8243; _module_preset=&#8220;default&#8220; header_font=&#8220;|800|||||||&#8220; global_colors_info=&#8220;{}&#8220; parent_header_level=&#8220;h4&#8243;][\/dsm_content_timeline_child][dsm_content_timeline_child dsm_title=&#8220;1958 Konrad Maurer tritt als Lehrling in die Firma ein&#8220; _builder_version=&#8220;4.27.4&#8243; _module_preset=&#8220;default&#8220; header_font=&#8220;|800|||||||&#8220; global_colors_info=&#8220;{}&#8220; parent_header_level=&#8220;h4&#8243;][\/dsm_content_timeline_child][dsm_content_timeline_child dsm_title=&#8220;1959 Friedrich Maurer sen. verstirbt im 94. Lebensjahr&#8220; _builder_version=&#8220;4.27.4&#8243; _module_preset=&#8220;default&#8220; header_font=&#8220;|800|||||||&#8220; global_colors_info=&#8220;{}&#8220; parent_header_level=&#8220;h4&#8243;][\/dsm_content_timeline_child][dsm_content_timeline_child dsm_title=&#8220;1976 Friedrich Maurer jun. \u00fcbergibt seine Anteile an seinen Sohn Konrad Maurer und seine Tochter Elisabeth Hummer&#8220; _builder_version=&#8220;4.27.4&#8243; _module_preset=&#8220;default&#8220; header_font=&#8220;|800|||||||&#8220; global_colors_info=&#8220;{}&#8220; parent_header_level=&#8220;h4&#8243;][\/dsm_content_timeline_child][dsm_content_timeline_child dsm_title=&#8220;1977 Zukauf Fa. Wara H. &#038; Co. (Nowosad &#038; Porsch) mech. Gummibandweberei o. HG. (Maschinenpark, Lagerbestand, Kundenstock, Know-How)&#8220; _builder_version=&#8220;4.27.4&#8243; _module_preset=&#8220;default&#8220; header_font=&#8220;|800|||||||&#8220; global_colors_info=&#8220;{}&#8220; parent_header_level=&#8220;h4&#8243;][\/dsm_content_timeline_child][dsm_content_timeline_child dsm_title=&#8220;1980 Kommerzialrat Friedrich Maurer verstirbt im 85. Lebensjahr&#8220; _builder_version=&#8220;4.27.4&#8243; _module_preset=&#8220;default&#8220; header_font=&#8220;|800|||||||&#8220; global_colors_info=&#8220;{}&#8220; parent_header_level=&#8220;h4&#8243;][\/dsm_content_timeline_child][dsm_content_timeline_child dsm_title=&#8220;1988 Zukauf der Firma Carl Sieder&#8220; _builder_version=&#8220;4.27.4&#8243; _module_preset=&#8220;default&#8220; header_font=&#8220;|800|||||||&#8220; global_colors_info=&#8220;{}&#8220; parent_header_level=&#8220;h4&#8243;][\/dsm_content_timeline_child][dsm_content_timeline_child dsm_title=&#8220;1993 Zukauf der Fa. Posamentierte Karl H\u00f6lle (Maschinenpark, Lagerbestand, Kundenstock, Know-How)&#8220; _builder_version=&#8220;4.27.4&#8243; _module_preset=&#8220;default&#8220; header_font=&#8220;|800|||||||&#8220; global_colors_info=&#8220;{}&#8220; parent_header_level=&#8220;h4&#8243;][\/dsm_content_timeline_child][dsm_content_timeline_child dsm_title=&#8220;1995 Kauf der Firma Karl Pollak Pcsamentenerzeugung und \u00dcbersiedelung in die Kandlgasse 22, 1070 Wien&#8220; _builder_version=&#8220;4.27.4&#8243; _module_preset=&#8220;default&#8220; header_font=&#8220;|800|||||||&#8220; global_colors_info=&#8220;{}&#8220; parent_header_level=&#8220;h4&#8243;][\/dsm_content_timeline_child][dsm_content_timeline_child dsm_title=&#8220;2000 Zukauf der Fa. Lendvay Ges.m.b.H. &#038; Co. KG den Teilbereich %22Textil%22 (Maschinenpark, Lagerbestand, Kundenstock, Know-How)&#8220; _builder_version=&#8220;4.27.4&#8243; _module_preset=&#8220;default&#8220; header_font=&#8220;|800|||||||&#8220; global_colors_info=&#8220;{}&#8220; parent_header_level=&#8220;h4&#8243;][\/dsm_content_timeline_child][dsm_content_timeline_child dsm_title=&#8220;2006 Zukauf der Fa. Jos. Stefsky Posamentier- und Schn\u00fcrwaren-Fabrik (Maschinenpark, Lagerbestand, Kundenstock, Know-How)&#8220; _builder_version=&#8220;4.27.4&#8243; _module_preset=&#8220;default&#8220; header_font=&#8220;|800|||||||&#8220; global_colors_info=&#8220;{}&#8220; parent_header_level=&#8220;h4&#8243;][\/dsm_content_timeline_child][dsm_content_timeline_child dsm_title=&#8220;2015 Albert, Sohn von Konrad Maurer tritt in das Unternehmen ein. In den folgenden Jahren wird der Betrieb weiter modernisiert&#8220; _builder_version=&#8220;4.27.4&#8243; _module_preset=&#8220;default&#8220; header_font=&#8220;|800|||||||&#8220; global_colors_info=&#8220;{}&#8220; parent_header_level=&#8220;h4&#8243;][\/dsm_content_timeline_child][dsm_content_timeline_child dsm_title=&#8220;2017 Der Familienbetrieb besch\u00e4ftigt 27 Mitarbeiter sowie 20 Heimarbeiter&#8220; dsm_content=&#8220;<\/p>\n<p>Zum Team z\u00e4hlen ebenfalls zwei h\u00f6rgesch\u00e4digte Kollegen, die im Betrieb herzlich aufgenommen wurden. Die Mitarbeiter bedienen t\u00e4glich 100 Maschinen. Die Firma bietet ein Sortiment von ca. 3000 Artikeln an.<\/p>\n<p>&#8220; _builder_version=&#8220;4.27.4&#8243; _module_preset=&#8220;default&#8220; header_font=&#8220;|800|||||||&#8220; global_colors_info=&#8220;{}&#8220; parent_header_level=&#8220;h4&#8243;][\/dsm_content_timeline_child][dsm_content_timeline_child dsm_title=&#8220;2018 Elisabeth Hummer zieht sich aus dem Unternehmen zur\u00fcck und \u00fcbergibt ihre Anteile an Konrad Maurer&#8220; _builder_version=&#8220;4.27.4&#8243; _module_preset=&#8220;default&#8220; header_font=&#8220;|800|||||||&#8220; global_colors_info=&#8220;{}&#8220; parent_header_level=&#8220;h4&#8243;][\/dsm_content_timeline_child][dsm_content_timeline_child dsm_title=&#8220;2019 Sein Sohn Albert wird zum gesch\u00e4ftsf\u00fchrenden Gesellschafter bestellt&#8220; _builder_version=&#8220;4.27.4&#8243; _module_preset=&#8220;default&#8220; header_font=&#8220;|800|||||||&#8220; global_colors_info=&#8220;{}&#8220; parent_header_level=&#8220;h4&#8243;][\/dsm_content_timeline_child][dsm_content_timeline_child dsm_title=&#8220;2023 160 Jahre M.Maurer \u2013 gefeiert mit Stolz, Stil &#038; prominenten G\u00e4sten&#8220; _builder_version=&#8220;4.27.4&#8243; _module_preset=&#8220;default&#8220; header_font=&#8220;|800|||||||&#8220; global_colors_info=&#8220;{}&#8220; parent_header_level=&#8220;h4&#8243;][\/dsm_content_timeline_child][\/dsm_content_timeline][\/et_pb_column][\/et_pb_row][\/et_pb_section][et_pb_section fb_built=&#8220;1&#8243; _builder_version=&#8220;4.27.4&#8243; _module_preset=&#8220;default&#8220; min_height=&#8220;939.7px&#8220; custom_padding=&#8220;6px||0px|||&#8220; global_module=&#8220;11425&#8243; saved_tabs=&#8220;all&#8220; global_colors_info=&#8220;{}&#8220;][et_pb_row _builder_version=&#8220;4.27.4&#8243; _module_preset=&#8220;default&#8220; global_colors_info=&#8220;{}&#8220;][et_pb_column type=&#8220;4_4&#8243; _builder_version=&#8220;4.27.4&#8243; _module_preset=&#8220;default&#8220; global_colors_info=&#8220;{}&#8220;][et_pb_text _builder_version=&#8220;4.27.4&#8243; _module_preset=&#8220;default&#8220; min_height=&#8220;36px&#8220; custom_margin=&#8220;22px||3px|||&#8220; custom_padding=&#8220;||12px|||&#8220; global_colors_info=&#8220;{}&#8220;]<\/p>\n<h2 style=\"text-align: left;\"><span>Stimmen aus dem Team<\/span><\/h2>\n<p>[\/et_pb_text][et_pb_testimonial author=&#8220;Alfred V.&#8220; job_title=&#8220;Weberei&#8220; portrait_url=&#8220;https:\/\/www.mmaurer.at\/wp-content\/uploads\/2026\/01\/Alfred.png&#8220; _builder_version=&#8220;4.27.5&#8243; _module_preset=&#8220;default&#8220; global_colors_info=&#8220;{}&#8220;]<\/p>\n<div><i><span>\u201eIch bin seit \u00fcber 40 Jahren hier \u2013 weil ich die Ruhe beim Arbeiten und den Respekt im Team sch\u00e4tze.\u201c<\/span><\/i><\/div>\n<div><span><\/span><\/div>\n<div><\/div>\n<p>[\/et_pb_testimonial][et_pb_testimonial author=&#8220;Silvia M.&#8220; job_title=&#8220;Handarbeit&#8220; portrait_url=&#8220;https:\/\/www.mmaurer.at\/wp-content\/uploads\/2026\/01\/Silvia-M.png&#8220; _builder_version=&#8220;4.27.5&#8243; _module_preset=&#8220;default&#8220; hover_enabled=&#8220;0&#8243; global_colors_info=&#8220;{}&#8220; alt=&#8220;MitarbeiterIn&#8220; title_text=&#8220;Silvia M&#8220; sticky_enabled=&#8220;0&#8243;]<\/p>\n<div>\n<div><i><span>\u201eIch habe als Lehrling begonnen \u2013 heute zeige ich anderen, wie\u2019s geht.\u201c<\/span><\/i><\/div>\n<\/div>\n<div><span><\/span><\/div>\n<div><\/div>\n<p>[\/et_pb_testimonial][et_pb_testimonial author=&#8220;Sabina N.&#8220; job_title=&#8220;N\u00e4herei&#8220; portrait_url=&#8220;https:\/\/www.mmaurer.at\/wp-content\/uploads\/2025\/07\/12.jpg&#8220; _builder_version=&#8220;4.27.4&#8243; _module_preset=&#8220;default&#8220; global_colors_info=&#8220;{}&#8220;]<\/p>\n<div>\n<p style=\"font-weight: 400;\"><em>\u201eDass ich trotz meiner H\u00f6rbeeintr\u00e4chtigung Teil des Teams bin, macht mich stolz.\u201c<\/em><\/p>\n<\/div>\n<div><span><\/span><\/div>\n<div><\/div>\n<p>[\/et_pb_testimonial][\/et_pb_column][\/et_pb_row][\/et_pb_section][et_pb_section fb_built=&#8220;1&#8243; _builder_version=&#8220;4.25.1&#8243; _module_preset=&#8220;default&#8220; custom_padding=&#8220;4px||5px|0px||&#8220; global_colors_info=&#8220;{}&#8220;][et_pb_row column_structure=&#8220;1_2,1_2&#8243; _builder_version=&#8220;4.25.1&#8243; _module_preset=&#8220;default&#8220; global_colors_info=&#8220;{}&#8220;][et_pb_column type=&#8220;1_2&#8243; _builder_version=&#8220;4.25.1&#8243; _module_preset=&#8220;default&#8220; global_colors_info=&#8220;{}&#8220;][et_pb_text _builder_version=&#8220;4.27.5&#8243; _module_preset=&#8220;default&#8220; header_font=&#8220;|800|||||||&#8220; header_text_align=&#8220;center&#8220; text_orientation=&#8220;center&#8220; custom_margin=&#8220;||1px|||&#8220; global_colors_info=&#8220;{}&#8220;]<\/p>\n<div>\n<h2 style=\"text-align: left;\">Die Zukunft beginnt jetzt \u2013 M.Maurer heute<o:p><\/o:p><\/h2>\n<\/div>\n<p>[\/et_pb_text][et_pb_text _builder_version=&#8220;4.27.4&#8243; _module_preset=&#8220;default&#8220; header_font=&#8220;|800|||||||&#8220; header_text_align=&#8220;center&#8220; text_orientation=&#8220;center&#8220; global_colors_info=&#8220;{}&#8220;]<\/p>\n<p style=\"font-weight: 400; text-align: left;\">Mit frischer Energie, junger F\u00fchrung und tief verwurzelten Werten startet M.Maurer in die kommenden Jahrzehnte.<\/p>\n<p style=\"font-weight: 400; text-align: left;\"><strong>Albert Maurer<\/strong> f\u00fchrt das Unternehmen mit klarem Blick auf Digitalisierung,<\/p>\n<p style=\"font-weight: 400; text-align: left;\">Designkooperationen und den Erhalt seltener Handwerkstechniken. Gleichzeitig baut er die Manufaktur zu einem Ort des Wissensaustauschs und der Kultur weiter aus \u2013 offen f\u00fcr neue Kooperationen, nachhaltige Innovationen und textile Experimente.<\/p>\n<p style=\"font-weight: 400; text-align: left;\">Die n\u00e4chsten Schritte<\/p>\n<ul>\n<li style=\"text-align: left;\">Ausbau der digitalen Pr\u00e4senz &amp; Onlineservices<\/li>\n<li style=\"text-align: left;\">F\u00f6rderung von Lehrlingen &amp; Nachwuchskr\u00e4ften im Handwerk<\/li>\n<li style=\"text-align: left;\">Internationale Kooperationen mit Design, Film, Mode &amp; Denkmalpflege<\/li>\n<li style=\"text-align: left;\">St\u00e4rkere Sichtbarkeit des Gewerbes in der \u00d6ffentlichkeit<\/li>\n<li style=\"text-align: left;\">Weiterentwicklung von <strong>\u201eM.Maurer f\u00fcr die Zukunft\u201c<\/strong> \u2013 eine Initiative zur Sicherung traditioneller Handwerkstechniken<\/li>\n<\/ul>\n<p>[\/et_pb_text][et_pb_text _builder_version=&#8220;4.27.4&#8243; _module_preset=&#8220;default&#8220; header_font=&#8220;|800|||||||&#8220; header_text_align=&#8220;center&#8220; text_orientation=&#8220;center&#8220; custom_margin=&#8220;||0px|||&#8220; global_colors_info=&#8220;{}&#8220;]<\/p>\n<div>\n<h2 style=\"text-align: left;\">Unsere Geschichte ist Ihre Sicherheit<o:p><\/o:p><\/h2>\n<\/div>\n<p>[\/et_pb_text][et_pb_text _builder_version=&#8220;4.27.4&#8243; _module_preset=&#8220;default&#8220; header_font=&#8220;|800|||||||&#8220; header_text_align=&#8220;center&#8220; text_orientation=&#8220;center&#8220; global_colors_info=&#8220;{}&#8220;]<\/p>\n<p style=\"font-weight: 400; text-align: left;\">Wo andere auf Masse setzen, setzen wir auf Best\u00e4ndigkeit.<\/p>\n<p style=\"font-weight: 400; text-align: left;\">Wo andere automatisieren, arbeiten wir mit Herz, Kopf und Hand.<\/p>\n<p style=\"font-weight: 400; text-align: left;\">Und wo andere verschwinden, bleiben wir \u2013 mit Ihnen, f\u00fcr Generationen.<\/p>\n<p>[\/et_pb_text][\/et_pb_column][et_pb_column type=&#8220;1_2&#8243; _builder_version=&#8220;4.27.4&#8243; _module_preset=&#8220;default&#8220; global_colors_info=&#8220;{}&#8220;][et_pb_text _builder_version=&#8220;4.27.4&#8243; _module_preset=&#8220;default&#8220; header_font=&#8220;|800|||||||&#8220; header_text_align=&#8220;center&#8220; text_orientation=&#8220;center&#8220; custom_margin=&#8220;||0px|||&#8220; global_colors_info=&#8220;{}&#8220;]<\/p>\n<h3 style=\"text-align: left;\">Wer uns vertraut <o:p><\/o:p><\/h3>\n<p>[\/et_pb_text][et_pb_text _builder_version=&#8220;4.27.4&#8243; _module_preset=&#8220;default&#8220; header_font=&#8220;|800|||||||&#8220; header_text_align=&#8220;center&#8220; text_orientation=&#8220;center&#8220; global_colors_info=&#8220;{}&#8220;]<\/p>\n<p style=\"font-weight: 400; text-align: left;\">Unsere Kund:innen kommen aus den verschiedensten Bereichen \u2013 und sie haben eines gemeinsam: den Anspruch auf Qualit\u00e4t.<\/p>\n<ul>\n<li style=\"text-align: left;\">Designer:innen wie <strong>Lena Hoschek<\/strong><\/li>\n<li style=\"text-align: left;\">Institutionen wie das <strong>Bundesheer<\/strong> oder die <strong>Albertina<\/strong><\/li>\n<li style=\"text-align: left;\">Film- &amp; Theaterproduktionen<\/li>\n<li style=\"text-align: left;\">Kirchen &amp; Kl\u00f6ster<\/li>\n<li style=\"text-align: left;\">Hotels, Museen &amp; Raumausstatter<\/li>\n<li style=\"text-align: left;\">Und viele Privatkund:innen mit Liebe zum Echten<\/li>\n<\/ul>\n<p>[\/et_pb_text][et_pb_text _builder_version=&#8220;4.27.4&#8243; _module_preset=&#8220;default&#8220; header_font=&#8220;|800|||||||&#8220; header_text_align=&#8220;center&#8220; text_orientation=&#8220;center&#8220; custom_margin=&#8220;||0px|||&#8220; global_colors_info=&#8220;{}&#8220;]<\/p>\n<h2 style=\"text-align: left;\"><strong>Lernen Sie uns kennen<\/strong><\/h2>\n<p>[\/et_pb_text][et_pb_text _builder_version=&#8220;4.27.4&#8243; _module_preset=&#8220;default&#8220; header_font=&#8220;|800|||||||&#8220; header_text_align=&#8220;center&#8220; text_orientation=&#8220;center&#8220; global_colors_info=&#8220;{}&#8220;]<\/p>\n<p style=\"font-weight: 400; text-align: left;\">Ein Blick in unsere Manufaktur sagt mehr als tausend Worte. In unserem Video zeigen wir Ihnen, wie Tradition, Technik und Teamwork bei M.Maurer zusammenwirken. Authentisch, ehrlich, ber\u00fchrend.<\/p>\n<p>[\/et_pb_text][et_pb_code module_class=&#8220;video-de&#8220; _builder_version=&#8220;4.27.4&#8243; _module_preset=&#8220;default&#8220; display_conditions=&#8220;W10=&#8220; global_colors_info=&#8220;{}&#8220;]<!-- DEUTSCHES VIDEO \u2013 wird nur angezeigt, wenn die URL KEIN \/en\/ enth\u00e4lt --><!-- [et_pb_line_break_holder] --><\/p>\n<div id=\"german-video\" style=\"display:none;\"><!-- [et_pb_line_break_holder] -->  <iframe width=\"560\" height=\"315\"<!-- [et_pb_line_break_holder] -->    src=&#8220;https:\/\/www.youtube.com\/embed\/wzhJygGgrzo?si=xRnYcSDQAoEaEFv7&#8243;<!-- [et_pb_line_break_holder] -->    title=&#8220;YouTube video player&#8220;<!-- [et_pb_line_break_holder] -->    frameborder=&#8220;0&#8243;<!-- [et_pb_line_break_holder] -->    allow=&#8220;accelerometer; autoplay; clipboard-write; encrypted-media; gyroscope; picture-in-picture; web-share&#8220;<!-- [et_pb_line_break_holder] -->    referrerpolicy=&#8220;strict-origin-when-cross-origin&#8220;<!-- [et_pb_line_break_holder] -->    allowfullscreen><!-- [et_pb_line_break_holder] -->  <\/iframe><!-- [et_pb_line_break_holder] --><\/div>\n<p><!-- [et_pb_line_break_holder] --><!-- [et_pb_line_break_holder] --><script><!-- [et_pb_line_break_holder] -->  \/\/ Zeige das deutsche Video nur, wenn die URL KEIN \"\/en\/\" enth\u00e4lt<!-- [et_pb_line_break_holder] -->  if (!window.location.pathname.toLowerCase().includes('\/en\/')) {<!-- [et_pb_line_break_holder] -->    document.getElementById('german-video').style.display = 'block';<!-- [et_pb_line_break_holder] -->  }<!-- [et_pb_line_break_holder] --><\/script>[\/et_pb_code][et_pb_code module_class=&#8220;only-en&#8220; _builder_version=&#8220;4.27.4&#8243; _module_preset=&#8220;default&#8220; display_conditions=&#8220;W10=&#8220; global_colors_info=&#8220;{}&#8220;]<\/p>\n<div id=\"english-video\" style=\"display:none;\"><!-- [et_pb_line_break_holder] -->  <iframe width=\"560\" height=\"315\"<!-- [et_pb_line_break_holder] -->    src=&#8220;https:\/\/www.youtube-nocookie.com\/embed\/kzwmnZ6mX8M?si=iaND9ABoxzVY5Yx3&#038;controls=0&#8243;<!-- [et_pb_line_break_holder] -->    title=&#8220;YouTube video player&#8220;<!-- [et_pb_line_break_holder] -->    frameborder=&#8220;0&#8243;<!-- [et_pb_line_break_holder] -->    allow=&#8220;accelerometer; autoplay; clipboard-write; encrypted-media; gyroscope; picture-in-picture; web-share&#8220;<!-- [et_pb_line_break_holder] -->    referrerpolicy=&#8220;strict-origin-when-cross-origin&#8220;<!-- [et_pb_line_break_holder] -->    allowfullscreen><!-- [et_pb_line_break_holder] -->  <\/iframe><!-- [et_pb_line_break_holder] --><\/div>\n<p><!-- [et_pb_line_break_holder] --><!-- [et_pb_line_break_holder] --><script><!-- [et_pb_line_break_holder] -->  if (window.location.pathname.includes('\/en\/')) {<!-- [et_pb_line_break_holder] -->    document.getElementById('english-video').style.display = 'block';<!-- [et_pb_line_break_holder] -->  }<!-- [et_pb_line_break_holder] --><\/script>[\/et_pb_code][et_pb_code module_class=&#8220;video-en&#8220; _builder_version=&#8220;4.27.4&#8243; _module_preset=&#8220;default&#8220; custom_css_main_element=&#8220;html%91lang=%22de%22%93 &#038; {display:none !important;}&#8220; global_colors_info=&#8220;{}&#8220;]<iframe loading=\"lazy\" width=\"560\" height=\"315\" src=\"https:\/\/www.youtube.com\/watch?v=SSP9vdKq15M\" title=\"YouTube video player\" frameborder=\"0\" allow=\"accelerometer; autoplay; clipboard-write; encrypted-media; gyroscope; picture-in-picture; web-share\" referrerpolicy=\"strict-origin-when-cross-origin\" allowfullscreen><\/iframe>[\/et_pb_code][\/et_pb_column][\/et_pb_row][\/et_pb_section][et_pb_section fb_built=&#8220;1&#8243; _builder_version=&#8220;4.27.4&#8243; _module_preset=&#8220;default&#8220; global_colors_info=&#8220;{}&#8220;][et_pb_row column_structure=&#8220;1_2,1_2&#8243; _builder_version=&#8220;4.27.4&#8243; _module_preset=&#8220;default&#8220; custom_padding=&#8220;40px||||false|false&#8220; global_module=&#8220;11812&#8243; saved_tabs=&#8220;all&#8220; global_colors_info=&#8220;{}&#8220;][et_pb_column type=&#8220;1_2&#8243; _builder_version=&#8220;4.27.4&#8243; _module_preset=&#8220;default&#8220; global_colors_info=&#8220;{}&#8220;][et_pb_image src=&#8220;https:\/\/www.mmaurer.at\/wp-content\/uploads\/2025\/07\/22.jpg&#8220; title_text=&#8220;22&#8243; _builder_version=&#8220;4.27.4&#8243; _module_preset=&#8220;default&#8220; global_colors_info=&#8220;{}&#8220;][\/et_pb_image][et_pb_text _builder_version=&#8220;4.27.4&#8243; _module_preset=&#8220;default&#8220; text_font_size=&#8220;12px&#8220; custom_margin=&#8220;-30px||||false|false&#8220; global_colors_info=&#8220;{}&#8220;]<\/p>\n<p class=\"p1\">\u00a9 Robert Kalb \/ robertkalb photographien<\/p>\n<p>[\/et_pb_text][\/et_pb_column][et_pb_column type=&#8220;1_2&#8243; _builder_version=&#8220;4.27.4&#8243; _module_preset=&#8220;default&#8220; global_colors_info=&#8220;{}&#8220;][et_pb_blurb title=&#8220;Vorteile im \u00dcberblick:&#8220; _builder_version=&#8220;4.27.5&#8243; _module_preset=&#8220;default&#8220; header_level=&#8220;h2&#8243; header_text_color=&#8220;#FFFFFF&#8220; body_text_color=&#8220;#FFFFFF&#8220; background_color=&#8220;#3973b9&#8243; custom_margin=&#8220;|0px|||false|false&#8220; custom_padding=&#8220;30px|0px|30px|30px|true|false&#8220; border_radii=&#8220;on|20px|20px|20px|20px&#8220; box_shadow_style=&#8220;preset1&#8243; global_colors_info=&#8220;{}&#8220;]<\/p>\n<p class=\"p2\"><span class=\"s1\">\u2022<\/span><span class=\"s2\"> <\/span>100 % \u00f6sterreichische Produktion<\/p>\n<p class=\"p2\"><span class=\"s1\">\u2022<\/span><span class=\"s2\"> <\/span>Ma\u00df- &amp; Einzelanfertigung m\u00f6glich<\/p>\n<p class=\"p2\"><span class=\"s1\">\u2022<\/span><span class=\"s2\"> <\/span>\u00dcber 3.000 Artikel im Sortiment<\/p>\n<p class=\"p2\"><span class=\"s1\">\u2022<\/span><span class=\"s2\"> <\/span>Partner f\u00fcr Institutionen, Theater, Designer &amp; Privatpersonen<\/p>\n<p class=\"p2\"><span class=\"s1\">\u2022<\/span><span class=\"s2\"> <\/span>\u00dcber 160 Jahre Erfahrung<\/p>\n<h2 class=\"p2\"><\/h2>\n<p>[\/et_pb_blurb][et_pb_blurb title=&#8220;Ein St\u00fcck \u00d6sterreich \u2013 zum Anfassen sch\u00f6n&#8220; _builder_version=&#8220;4.27.4&#8243; _module_preset=&#8220;default&#8220; header_level=&#8220;h2&#8243; global_colors_info=&#8220;{}&#8220;]<\/p>\n<p class=\"p2\">Was unsere Produkte einzigartig macht? Sie tragen Geschichte in sich. Und Herz. In unserer Manufaktur in der Kandlgasse entstehen t\u00e4glich kleine Meisterwerke. \u00dcber 3.000 Artikel, produziert auf rund 100 Maschinen \u2013 viele davon so alt wie unsere Tradition selbst. Ein Blick in unsere Werkst\u00e4tten lohnt sich.<\/p>\n<p>[\/et_pb_blurb][et_pb_button button_url=&#8220;@ET-DC@eyJkeW5hbWljIjp0cnVlLCJjb250ZW50IjoicG9zdF9saW5rX3VybF9wYWdlIiwic2V0dGluZ3MiOnsicG9zdF9pZCI6IjQ0ODcifX0=@&#8220; button_text=&#8220;Fertigung ansehen&#8220; button_alignment=&#8220;center&#8220; disabled_on=&#8220;off|off|off&#8220; _builder_version=&#8220;4.27.4&#8243; _dynamic_attributes=&#8220;button_url&#8220; _module_preset=&#8220;default&#8220; custom_button=&#8220;on&#8220; button_text_size=&#8220;16px&#8220; button_text_color=&#8220;#FFFFFF&#8220; button_bg_color=&#8220;#3973b9&#8243; button_border_width=&#8220;0px&#8220; button_border_radius=&#8220;10px&#8220; button_font=&#8220;|700|||||||&#8220; custom_margin=&#8220;50px||||false|false&#8220; custom_margin_tablet=&#8220;1px||||false|false&#8220; custom_margin_phone=&#8220;0px||||false|false&#8220; custom_margin_last_edited=&#8220;on|phone&#8220; custom_padding=&#8220;|30px||30px|false|true&#8220; global_colors_info=&#8220;{}&#8220;][\/et_pb_button][\/et_pb_column][\/et_pb_row][\/et_pb_section]<\/p>\n","protected":false},"excerpt":{"rendered":"<p>M.Maurer \u2013 Ein Wiener Familienunternehmen mit Geschichte und Seele.Seit 1863 steht unser Name f\u00fcr Handarbeit, Qualit\u00e4t und Verl\u00e4sslichkeit Was als kleine Posamentenwerkstatt begann, ist heute die letzte ihrer Art in Wien \u2013 und weit \u00fcber die Stadtgrenzen hinaus bekannt. Seit \u00fcber 160 Jahren widmen wir uns der Kunst der Textilveredelung: mit Kordeln, Borten, Quasten, Ordensb\u00e4ndern und Uniformeffekten. Wir sind stolz auf unser Handwerk \u2013 und auf die Menschen, die es tragen. Vom Dirndlschmuck bis zum Bundespr\u00e4sidenten, von der Theaterb\u00fchne bis zur Ehrenauszeichnung: Unsere Posamenten erz\u00e4hlen Geschichten. Und wir erz\u00e4hlen sie mit. 6 Generationen \u2013 1 Mission: Textilkultur erhalten M.Maurer ist mehr als ein Betrieb \u2013 es ist eine Berufung. Seit 1863 f\u00fchren wir unser Unternehmen in Familienhand. Heute sind es Konrad Maurer und sein Sohn Albert, die die Geschichte weiterschreiben \u2013 mit Feingef\u00fchl f\u00fcr Tradition und einem klaren Blick in die Zukunft. \u00a0Unser Team besteht aus 27 Mitarbeiter:innen, darunter erfahrene Kunsthandwerker:innen, junge Talente und zwei h\u00f6rgesch\u00e4digte Kolleg:innen. Gemeinsam mit \u00fcber 20 Heimarbeiter:innen bewahren wir ein fast vergessenes Handwerk \u2013 mit Herz, K\u00f6nnen und Verantwortung.Eine Geschichte mit Tiefe \u2013 unsere Timeline seit 1863 M.Maurer ist nicht einfach nur ein Unternehmen \u2013 es ist ein lebendes St\u00fcck \u00f6sterreichischer Industriegeschichte. Seit der Gr\u00fcndung [&hellip;]<\/p>\n","protected":false},"author":6,"featured_media":0,"parent":0,"menu_order":0,"comment_status":"closed","ping_status":"closed","template":"","meta":{"_et_pb_use_builder":"on","_et_pb_old_content":"[av_slideshow_full size='featured' min_height='0px' stretch='' animation='slide' autoplay='false' interval='5' control_layout='av-control-default' src='' attachment='' attachment_size='' position='top left' repeat='no-repeat' attach='scroll']\r\n[av_slide_full id='3648'][\/av_slide_full]\r\n[\/av_slideshow_full]\r\n\r\n[av_heading tag='h1' padding='26' heading='Geschichte' color='' style='blockquote modern-quote modern-centered' custom_font='' size='' subheading_active='' subheading_size='15' custom_class='' admin_preview_bg='' av-desktop-hide='' av-medium-hide='' av-small-hide='' av-mini-hide='' av-medium-font-size-title='' av-small-font-size-title='' av-mini-font-size-title='' av-medium-font-size='' av-small-font-size='' av-mini-font-size=''][\/av_heading]\r\n\r\n[av_one_third first min_height='' vertical_alignment='' space='' custom_margin='' margin='0px' padding='0px' border='' border_color='' radius='0px' background_color='' src='' background_position='top left' background_repeat='no-repeat' animation='' mobile_breaking='' mobile_display='']\r\n[av_image src='https:\/\/www.mmaurer.at\/wp-content\/uploads\/2022\/02\/Rudolf-Maurer-1-1.jpg' attachment='3642' attachment_size='full' align='center' styling='' hover='' link='' target='' caption='' font_size='' appearance='' overlay_opacity='0.4' overlay_color='#000000' overlay_text_color='#ffffff' animation='no-animation' admin_preview_bg=''][\/av_image]\r\n\r\n[av_image src='https:\/\/www.mmaurer.at\/wp-content\/uploads\/2022\/02\/M.Maurer-aussen-neu-Kopie.jpg' attachment='3643' attachment_size='full' align='center' styling='' hover='' link='' target='' caption='' font_size='' appearance='' overlay_opacity='0.4' overlay_color='#000000' overlay_text_color='#ffffff' animation='no-animation' admin_preview_bg=''][\/av_image]\r\n\r\n[av_image src='https:\/\/www.mmaurer.at\/wp-content\/uploads\/2022\/02\/M.Maurer_Innenhof-Kopie.jpg' attachment='3620' attachment_size='full' align='center' styling='' hover='' link='' target='' caption='' font_size='' appearance='' overlay_opacity='0.4' overlay_color='#000000' overlay_text_color='#ffffff' animation='no-animation' admin_preview_bg=''][\/av_image]\r\n\r\n[av_image src='https:\/\/www.mmaurer.at\/wp-content\/uploads\/2022\/02\/Potrait___2_1052-XL_Zuschnitt.jpg' attachment='3641' attachment_size='full' align='center' styling='' hover='' link='' target='' caption='' font_size='' appearance='' overlay_opacity='0.4' overlay_color='#000000' overlay_text_color='#ffffff' animation='no-animation' admin_preview_bg=''][\/av_image]\r\n[\/av_one_third]\r\n\r\n[av_two_third min_height='' vertical_alignment='' space='' custom_margin='' margin='0px' padding='0px' border='' border_color='' radius='0px' background_color='' src='' background_position='top left' background_repeat='no-repeat' animation='' mobile_breaking='' mobile_display='']\r\n\r\n[av_textblock size='' font_color='' color='' av-medium-font-size='' av-small-font-size='' av-mini-font-size='' admin_preview_bg='']\r\n<div class=\"blockcontainer\">\r\n<div class=\"blockleft\"><strong>M. Maurer ist ein international t\u00e4tiges Unternehmen mit Sitz in Wien. Das Unternehmen wird von Kommerzialrat Konrad Maurer und seinem Sohn Albert in 6. Generation gef\u00fchrt.<\/strong><\/div>\r\n<strong>Gegr\u00fcndet wurde die Firma 1863 von Hans Maurer. Der Firmenname M. Maurer entstand erst 1884 durch <a href=\"https:\/\/www.mmaurer.at\/images\/Ueber_uns\/20170828_171120.jpg\" target=\"_blank\" rel=\"noopener noreferrer\">Matthias Maurer<\/a>, dem Ururgro\u00dfvater von Konrad Maurer.\u00a0Heute kombiniert das Familienunternehmen Alt-Traditionelles mit neumodernem Stil.\u00a0Die innovativen, qualitativ hochwertigen Produkte sind den engagierten Mitarbeitern und deren beeindruckender Verarbeitung zu verdanken.\u00a0Das Hauptaugenmerk liegt dabei auf pr\u00e4ziser Verarbeitung hochwertiger Produkte.<\/strong>\r\n\r\n<strong>1863<\/strong> Gr\u00fcndung der Firma. M.Maurer durch Hans Maurer in Wien\r\n\r\n<strong>1884<\/strong> Mathias Maurer Kandlgasse 17, Erzeuger von Folien, Perlenflitter, Gespinste, Dr\u00e4hte\r\n\r\n<strong>1891-1893<\/strong> Friedrich Maurer steigt als Lehrling in das Unternehmen ein (Lehrbrief)\r\n\r\n<strong>1895<\/strong> Kauf der Fa. Adolf Altmann Posamentierwaren-Fabrik\r\n\r\n<strong>1900<\/strong> Bau der Firma M.Maurer im Innenhof der Kandlgasse 20 und Gr\u00fcndung als OHG. - Golddraht-Zieherei und Spinnereigewerbe\r\n\r\n<strong>1918<\/strong> Friedrich Maurer jun. steigt in das Unternehmen ein\r\n\r\n<strong>1929<\/strong> Weltwirtschaftskrise - Schwere Zeiten f\u00fcr die Firma und deren Konkurrenten\r\n\r\n<strong>1932-33<\/strong> Ausstellung - Raum und Mode im \u00f6sterreichischen Museum f\u00fcr Kunst und Industrie in Wien\r\n\r\n<strong>1939<\/strong> Friedrich Maurer sen. und Barbara Maurer ziehen sich aus dem Unternehmen zur\u00fcck und \u00fcbergeben die GS Anteile aliquot an ihre Kinder Friedrich und Barbara M. (Davies\/Franz)\r\n\r\n<strong>1945<\/strong> die Fa. Maurer besch\u00e4ftigte ca. 235 Mitarbeiter Erweiterungen der Produktpalette, Umstellung auf maschinelle Fertigung\r\n\r\n<strong>1958<\/strong> Konrad Maurer tritt als Lehrling in die Firma ein\r\n\r\n<strong>1959<\/strong> Friedrich Maurer sen. verstirbt im 94. Lebensjahr\r\n\r\n<strong>1976<\/strong> Friedrich Maurer jun. \u00fcbergibt seine Anteile an seinen Sohn Konrad Maurer und seine Tochter Elisabeth Hummer\r\n\r\n<strong>1977<\/strong> Zukauf Fa. Wawra H. &amp; Co. (Nowosad &amp; Posch) mech. Gummibandweberei o. HG. (Maschinenpark, Lagerbestand, Kundenstock, Know-How)\r\n\r\n<strong>1980<\/strong> Kommerzialrat Friedrich Maurer verstirbt im 85. Lebensjahr\r\n\r\n<strong>1988<\/strong>\u00a0Zukauf der Firma Carl Sieder\r\n\r\n<strong>1993<\/strong> Zukauf der Fa. Posamenterie Karl H\u00f6llt (Maschinenpark, Lagerbestand, Kundenstock, Know-How)\r\n\r\n<strong>1995<\/strong>\u00a0Kauf der Firma Karl Pollak Posamentenerzeugung und \u00dcbersiedelung in die Kandlgasse 22, 1070 Wien\r\n\r\n<strong>2000<\/strong> Zukauf der Fa. Lendvay Ges.m.b.H. &amp; Co. KG den Teilbereich \u201eTextil\u201c(Maschinenpark, Lagerbestand, Kundenstock, Know-How)\r\n\r\n<strong>2006<\/strong> Zukauf der Fa. Jos. Stefsky Posamentier- und Schn\u00fcrwaren-Fabrik (Maschinenpark, Lagerbestand, Kundenstock, Know-How)\r\n\r\n<strong>2015<\/strong> Albert, Sohn von Konrad Maurer tritt in das Unternehmen ein. In den folgenden Jahren wird der der Betrieb weiter modernisiert\r\n\r\n<strong>2017<\/strong> Der Familienbetrieb besch\u00e4ftigt 27 Mitarbeiter, 20 Heimarbeiter und zum Team geh\u00f6ren auch zwei h\u00f6rgesch\u00e4digte Kollegen, die im Betrieb herzlich aufgenommen wurden\r\n\r\nDie Mitarbeiter bedienen t\u00e4glich 100 Maschinen. Die Firma bietet ein Sortiment von ca. 3000 Artikel an.\r\n\r\n<strong>2018 <\/strong>Elisabeth Hummer zieht sich aus dem Unternehmen zur\u00fcck und \u00fcbergibt Ihre Anteile an Konrad Maurer\r\n\r\n<strong>2019<\/strong> Sein Sohn Albert Maurer wird zum Gesch\u00e4ftsf\u00fchrenden Gesellschafter bestellt\r\n\r\n<\/div>\r\n[\/av_textblock]\r\n\r\n[\/av_two_third]","_et_gb_content_width":"","footnotes":""},"class_list":["post-3002","page","type-page","status-publish","hentry"],"yoast_head":"<!-- This site is optimized with the Yoast SEO plugin v27.5 - https:\/\/yoast.com\/product\/yoast-seo-wordpress\/ -->\n<title>\u00dcber uns | M.MAURER<\/title>\n<meta name=\"description\" content=\"M.MAURER ist eine Posamenten-Manufaktur in Wien seit 1863. Familienbetrieb in sechster Generation mit Tradition und moderner Handwerkskunst.\" \/>\n<meta name=\"robots\" content=\"index, follow, max-snippet:-1, max-image-preview:large, max-video-preview:-1\" \/>\n<link rel=\"canonical\" href=\"https:\/\/www.mmaurer.at\/en\/about-us\/\" \/>\n<meta property=\"og:locale\" content=\"en_GB\" \/>\n<meta property=\"og:type\" content=\"article\" \/>\n<meta property=\"og:title\" content=\"\u00dcber uns | M.MAURER\" \/>\n<meta property=\"og:description\" content=\"M.MAURER ist eine Posamenten-Manufaktur in Wien seit 1863. Familienbetrieb in sechster Generation mit Tradition und moderner Handwerkskunst.\" \/>\n<meta property=\"og:url\" content=\"https:\/\/www.mmaurer.at\/en\/about-us\/\" \/>\n<meta property=\"og:site_name\" content=\"M.MAURER\" \/>\n<meta property=\"article:modified_time\" content=\"2026-01-26T10:40:54+00:00\" \/>\n<meta name=\"twitter:card\" content=\"summary_large_image\" \/>\n<meta name=\"twitter:label1\" content=\"Estimated reading time\" \/>\n\t<meta name=\"twitter:data1\" content=\"5 minutes\" \/>\n<script type=\"application\/ld+json\" class=\"yoast-schema-graph\">{\"@context\":\"https:\\\/\\\/schema.org\",\"@graph\":[{\"@type\":\"WebPage\",\"@id\":\"https:\\\/\\\/www.mmaurer.at\\\/ueber-uns\\\/\",\"url\":\"https:\\\/\\\/www.mmaurer.at\\\/ueber-uns\\\/\",\"name\":\"\u00dcber uns | M.MAURER\",\"isPartOf\":{\"@id\":\"https:\\\/\\\/www.mmaurer.at\\\/#website\"},\"datePublished\":\"2021-05-23T19:18:18+00:00\",\"dateModified\":\"2026-01-26T10:40:54+00:00\",\"description\":\"M.MAURER ist eine Posamenten-Manufaktur in Wien seit 1863. Familienbetrieb in sechster Generation mit Tradition und moderner Handwerkskunst.\",\"breadcrumb\":{\"@id\":\"https:\\\/\\\/www.mmaurer.at\\\/ueber-uns\\\/#breadcrumb\"},\"inLanguage\":\"en-GB\",\"potentialAction\":[{\"@type\":\"ReadAction\",\"target\":[\"https:\\\/\\\/www.mmaurer.at\\\/ueber-uns\\\/\"]}]},{\"@type\":\"BreadcrumbList\",\"@id\":\"https:\\\/\\\/www.mmaurer.at\\\/ueber-uns\\\/#breadcrumb\",\"itemListElement\":[{\"@type\":\"ListItem\",\"position\":1,\"name\":\"Startseite\",\"item\":\"https:\\\/\\\/www.mmaurer.at\\\/\"},{\"@type\":\"ListItem\",\"position\":2,\"name\":\"\u00dcBER UNS\"}]},{\"@type\":\"WebSite\",\"@id\":\"https:\\\/\\\/www.mmaurer.at\\\/#website\",\"url\":\"https:\\\/\\\/www.mmaurer.at\\\/\",\"name\":\"M.MAURER\",\"description\":\"Posamente - Geflechte, Zierb\u00e4nder, gewebte Borten, Fransen, Kordeln, Litzen und Quasten, \u00fcberzogene Kn\u00f6pfe und \u00c4hnliches.\",\"potentialAction\":[{\"@type\":\"SearchAction\",\"target\":{\"@type\":\"EntryPoint\",\"urlTemplate\":\"https:\\\/\\\/www.mmaurer.at\\\/?s={search_term_string}\"},\"query-input\":{\"@type\":\"PropertyValueSpecification\",\"valueRequired\":true,\"valueName\":\"search_term_string\"}}],\"inLanguage\":\"en-GB\"}]}<\/script>\n<!-- \/ Yoast SEO plugin. -->","yoast_head_json":{"title":"About us | M.MAURER","description":"M.MAURER is a trimmings manufacturer in Vienna since 1863, a family business in its sixth generation with tradition and modern craftsmanship.","robots":{"index":"index","follow":"follow","max-snippet":"max-snippet:-1","max-image-preview":"max-image-preview:large","max-video-preview":"max-video-preview:-1"},"canonical":"https:\/\/www.mmaurer.at\/en\/about-us\/","og_locale":"en_GB","og_type":"article","og_title":"\u00dcber uns | M.MAURER","og_description":"M.MAURER ist eine Posamenten-Manufaktur in Wien seit 1863. Familienbetrieb in sechster Generation mit Tradition und moderner Handwerkskunst.","og_url":"https:\/\/www.mmaurer.at\/en\/about-us\/","og_site_name":"M.MAURER","article_modified_time":"2026-01-26T10:40:54+00:00","twitter_card":"summary_large_image","twitter_misc":{"Estimated reading time":"5 minutes"},"schema":{"@context":"https:\/\/schema.org","@graph":[{"@type":"WebPage","@id":"https:\/\/www.mmaurer.at\/ueber-uns\/","url":"https:\/\/www.mmaurer.at\/ueber-uns\/","name":"About us | M.MAURER","isPartOf":{"@id":"https:\/\/www.mmaurer.at\/#website"},"datePublished":"2021-05-23T19:18:18+00:00","dateModified":"2026-01-26T10:40:54+00:00","description":"M.MAURER is a trimmings manufacturer in Vienna since 1863, a family business in its sixth generation with tradition and modern craftsmanship.","breadcrumb":{"@id":"https:\/\/www.mmaurer.at\/ueber-uns\/#breadcrumb"},"inLanguage":"en-GB","potentialAction":[{"@type":"ReadAction","target":["https:\/\/www.mmaurer.at\/ueber-uns\/"]}]},{"@type":"BreadcrumbList","@id":"https:\/\/www.mmaurer.at\/ueber-uns\/#breadcrumb","itemListElement":[{"@type":"ListItem","position":1,"name":"Startseite","item":"https:\/\/www.mmaurer.at\/"},{"@type":"ListItem","position":2,"name":"\u00dcBER UNS"}]},{"@type":"WebSite","@id":"https:\/\/www.mmaurer.at\/#website","url":"https:\/\/www.mmaurer.at\/","name":"M.MAURER","description":"Trimmings - braids, decorative ribbons, woven borders, fringes, cords, braids and tassels, covered buttons and the like.","potentialAction":[{"@type":"SearchAction","target":{"@type":"EntryPoint","urlTemplate":"https:\/\/www.mmaurer.at\/?s={search_term_string}"},"query-input":{"@type":"PropertyValueSpecification","valueRequired":true,"valueName":"search_term_string"}}],"inLanguage":"en-GB"}]}},"_links":{"self":[{"href":"https:\/\/www.mmaurer.at\/en\/wp-json\/wp\/v2\/pages\/3002","targetHints":{"allow":["GET"]}}],"collection":[{"href":"https:\/\/www.mmaurer.at\/en\/wp-json\/wp\/v2\/pages"}],"about":[{"href":"https:\/\/www.mmaurer.at\/en\/wp-json\/wp\/v2\/types\/page"}],"author":[{"embeddable":true,"href":"https:\/\/www.mmaurer.at\/en\/wp-json\/wp\/v2\/users\/6"}],"replies":[{"embeddable":true,"href":"https:\/\/www.mmaurer.at\/en\/wp-json\/wp\/v2\/comments?post=3002"}],"version-history":[{"count":85,"href":"https:\/\/www.mmaurer.at\/en\/wp-json\/wp\/v2\/pages\/3002\/revisions"}],"predecessor-version":[{"id":12495,"href":"https:\/\/www.mmaurer.at\/en\/wp-json\/wp\/v2\/pages\/3002\/revisions\/12495"}],"wp:attachment":[{"href":"https:\/\/www.mmaurer.at\/en\/wp-json\/wp\/v2\/media?parent=3002"}],"curies":[{"name":"wp","href":"https:\/\/api.w.org\/{rel}","templated":true}]}}