{"id":3009,"date":"2021-05-23T21:19:02","date_gmt":"2021-05-23T19:19:02","guid":{"rendered":"https:\/\/www.mmaurer.at\/?page_id=3009"},"modified":"2026-02-08T20:29:46","modified_gmt":"2026-02-08T19:29:46","slug":"press","status":"publish","type":"page","link":"https:\/\/www.mmaurer.at\/en\/presse\/","title":{"rendered":"PRESS"},"content":{"rendered":"<p>[et_pb_section fb_built=&#8220;1&#8243; _builder_version=&#8220;4.27.4&#8243; _module_preset=&#8220;default&#8220; custom_margin=&#8220;||0px||false|false&#8220; custom_margin_tablet=&#8220;0px||||false|false&#8220; custom_margin_phone=&#8220;0px||||false|false&#8220; custom_margin_last_edited=&#8220;on|tablet&#8220; custom_padding=&#8220;0px|0px|0px||false|false&#8220; global_module=&#8220;4477&#8243; saved_tabs=&#8220;all&#8220; global_colors_info=&#8220;{}&#8220;][et_pb_row column_structure=&#8220;3_4,1_4&#8243; _builder_version=&#8220;4.27.4&#8243; _module_preset=&#8220;default&#8220; background_color=&#8220;#3974ba&#8220; width=&#8220;100%&#8220; custom_margin=&#8220;0px|auto|0px|auto|false|false&#8220; custom_padding=&#8220;0px||0px||false|false&#8220; global_colors_info=&#8220;{}&#8220;][et_pb_column type=&#8220;3_4&#8243; _builder_version=&#8220;4.27.4&#8243; _module_preset=&#8220;default&#8220; global_colors_info=&#8220;{}&#8220;][et_pb_divider _builder_version=&#8220;4.27.4&#8243; _module_preset=&#8220;default&#8220; global_colors_info=&#8220;{}&#8220;][\/et_pb_divider][\/et_pb_column][et_pb_column type=&#8220;1_4&#8243; _builder_version=&#8220;4.27.4&#8243; _module_preset=&#8220;default&#8220; global_colors_info=&#8220;{}&#8220;][\/et_pb_column][\/et_pb_row][et_pb_row column_structure=&#8220;3_4,1_4&#8243; _builder_version=&#8220;4.27.4&#8243; _module_preset=&#8220;default&#8220; width=&#8220;100%&#8220; custom_margin=&#8220;0px|0px|0px|0px|false|false&#8220; custom_margin_tablet=&#8220;0px|0px|-65px|0px|false|false&#8220; custom_margin_phone=&#8220;||-65px||false|false&#8220; custom_margin_last_edited=&#8220;on|tablet&#8220; custom_padding=&#8220;0px|0px|0px|0px|false|false&#8220; global_colors_info=&#8220;{}&#8220;][et_pb_column type=&#8220;3_4&#8243; _builder_version=&#8220;4.25.1&#8243; _module_preset=&#8220;default&#8220; global_colors_info=&#8220;{}&#8220;][et_pb_menu active_link_color=&#8220;#3a74ba&#8220; logo=&#8220;https:\/\/www.mmaurer.at\/wp-content\/uploads\/2025\/07\/MMaurer-Logo-Text_RGB_gross.png&#8220; logo_url=&#8220;@ET-DC@eyJkeW5hbWljIjp0cnVlLCJjb250ZW50IjoicG9zdF9saW5rX3VybF9wYWdlIiwic2V0dGluZ3MiOnsicG9zdF9pZCI6IjQ0MjUifX0=@&#8220; logo_width=&#8220;25%&#8220; logo_tablet=&#8220;https:\/\/www.mmaurer.at\/wp-content\/uploads\/2025\/07\/Maurer-Logo.png&#8220; logo_phone=&#8220;https:\/\/www.mmaurer.at\/wp-content\/uploads\/2025\/07\/MAURER-Rundes-Logo.png&#8220; logo_last_edited=&#8220;on|tablet&#8220; logo_width_tablet=&#8220;&#8220; logo_width_phone=&#8220;35%&#8220; logo_width_last_edited=&#8220;on|phone&#8220; _builder_version=&#8220;4.27.4&#8243; _dynamic_attributes=&#8220;logo_url&#8220; _module_preset=&#8220;default&#8220; menu_font=&#8220;|600|||||||&#8220; menu_font_size=&#8220;16px&#8220; max_height=&#8220;88%&#8220; custom_margin=&#8220;10px|0px|10px||true|false&#8220; custom_margin_tablet=&#8220;0px||||false|false&#8220; custom_margin_phone=&#8220;&#8220; custom_margin_last_edited=&#8220;on|tablet&#8220; custom_padding=&#8220;|0px|0px|0px|false|false&#8220; global_colors_info=&#8220;{}&#8220;][\/et_pb_menu][\/et_pb_column][et_pb_column type=&#8220;1_4&#8243; _builder_version=&#8220;4.25.1&#8243; _module_preset=&#8220;default&#8220; global_colors_info=&#8220;{}&#8220;][et_pb_button button_url=&#8220;@ET-DC@eyJkeW5hbWljIjp0cnVlLCJjb250ZW50IjoicG9zdF9saW5rX3VybF9wYWdlIiwic2V0dGluZ3MiOnsicG9zdF9pZCI6IjQ1MTYifX0=@&#8220; button_text=&#8220;Zum Shop f\u00fcr Lagerware&#8220; button_alignment=&#8220;right&#8220; disabled_on=&#8220;on|on|on&#8220; _builder_version=&#8220;4.27.4&#8243; _dynamic_attributes=&#8220;button_url&#8220; _module_preset=&#8220;default&#8220; custom_button=&#8220;on&#8220; button_text_size=&#8220;16px&#8220; button_text_color=&#8220;#FFFFFF&#8220; button_bg_color=&#8220;#3973b9&#8243; button_border_width=&#8220;0px&#8220; button_border_radius=&#8220;10px&#8220; button_font=&#8220;|700|||||||&#8220; custom_margin=&#8220;50px||||false|false&#8220; custom_margin_tablet=&#8220;1px||||false|false&#8220; custom_margin_phone=&#8220;0px||||false|false&#8220; custom_margin_last_edited=&#8220;on|phone&#8220; custom_padding=&#8220;|30px||30px|false|true&#8220; disabled=&#8220;on&#8220; global_colors_info=&#8220;{}&#8220;][\/et_pb_button][\/et_pb_column][\/et_pb_row][\/et_pb_section][et_pb_section fb_built=&#8220;1&#8243; _builder_version=&#8220;4.25.1&#8243; _module_preset=&#8220;default&#8220; background_color=&#8220;gcid-primary-color&#8220; custom_padding=&#8220;45px||45px|||&#8220; global_colors_info=&#8220;{%22gcid-primary-color%22:%91%22background_color%22%93}&#8220;][et_pb_row _builder_version=&#8220;4.25.1&#8243; _module_preset=&#8220;default&#8220; global_colors_info=&#8220;{}&#8220;][et_pb_column type=&#8220;4_4&#8243; _builder_version=&#8220;4.25.1&#8243; _module_preset=&#8220;default&#8220; global_colors_info=&#8220;{}&#8220;][et_pb_text _builder_version=&#8220;4.27.4&#8243; _module_preset=&#8220;default&#8220; text_text_color=&#8220;#000000&#8243; header_text_color=&#8220;#FFFFFF&#8220; header_font_size=&#8220;49px&#8220; custom_margin=&#8220;||14px|||&#8220; global_colors_info=&#8220;{}&#8220;]<\/p>\n<h1><span style=\"color: #ffffff;\"><strong>Presse<\/strong><\/span><\/h1>\n<p>[\/et_pb_text][et_pb_text _builder_version=&#8220;4.27.5&#8243; _module_preset=&#8220;default&#8220; text_font_size=&#8220;18px&#8220; text_line_height=&#8220;1.8em&#8220; background_layout=&#8220;dark&#8220; global_colors_info=&#8220;{}&#8220;]<\/p>\n<p style=\"text-align: left;\"><span style=\"color: #ffffff;\"><strong>M.Maurer<\/strong> steht Medienvertreter:innen jederzeit gerne f\u00fcr Anfragen zur Verf\u00fcgung. Entsprechend sind im Laufe der Jahre zahlreiche Artikel sowie TV-Beitr\u00e4ge entstanden.<\/span><\/p>\n<p style=\"text-align: left;\"><span style=\"color: #ffffff;\"> F\u00fcr Medienanfragen, Intervieww\u00fcnsche sowie Foto- und Videotermine steht Ihnen Michael W. Schumpelt aus unserer Marketing-Abteilung als Ansprechpartner zur Verf\u00fcgung.<\/span><\/p>\n<p style=\"text-align: left;\"><span style=\"color: #ffffff;\">Kontakt: <span style=\"text-decoration: underline;\"><a href=\"mailto:ma*******@*****er.at\" data-original-string=\"lMavFEprz2ZNHqxO1+5cyw==5d1qtkld0RkUsuTHjDyNp670\/lZBmZoKCvqExsi1vOcZyE=\" title=\"This contact has been encoded by Anti-Spam by CleanTalk. Click to decode. To finish the decoding make sure that JavaScript is enabled in your browser.\" style=\"color: #ffffff; text-decoration: underline;\"><span \n                data-original-string='Reh9apVWaOCM3XubEfV2Hw==5d1KMNH\/UqS8Tiu\/QGsSVSfr+nBYJDoVLss14OGdQdhdc0='\n                class='apbct-email-encoder'\n                title='This contact has been encoded by Anti-Spam by CleanTalk. Click to decode. To finish the decoding make sure that JavaScript is enabled in your browser.'>ma<span class=\"apbct-blur\">*******<\/span>@<span class=\"apbct-blur\">*****<\/span>er.at<\/span> ,<\/a><\/span>\u00a0<span style=\"text-decoration: underline;\"><a href=\"tel:+431523104311\" style=\"color: #ffffff; text-decoration: underline;\" data-wpel-link=\"internal\">+43 1 523 10 43-11<\/a><\/span><\/span><\/p>\n<p style=\"text-align: left;\"><span style=\"color: #ffffff;\"><strong>Hier ein kleiner Einblick unserer Medienauftritte:<\/strong><\/span><\/p>\n<p>[\/et_pb_text][\/et_pb_column][\/et_pb_row][\/et_pb_section][et_pb_section fb_built=&#8220;1&#8243; _builder_version=&#8220;4.25.1&#8243; _module_preset=&#8220;default&#8220; custom_padding=&#8220;8px||14px|||&#8220; global_colors_info=&#8220;{}&#8220;][et_pb_row _builder_version=&#8220;4.25.1&#8243; _module_preset=&#8220;default&#8220; global_colors_info=&#8220;{}&#8220;][et_pb_column type=&#8220;4_4&#8243; _builder_version=&#8220;4.25.1&#8243; _module_preset=&#8220;default&#8220; global_colors_info=&#8220;{}&#8220;][et_pb_text _builder_version=&#8220;4.27.5&#8243; _module_preset=&#8220;default&#8220; text_text_color=&#8220;gcid-primary-color&#8220; text_font_size=&#8220;21px&#8220; custom_margin=&#8220;42px||||false|false&#8220; custom_padding=&#8220;||0px|||&#8220; global_colors_info=&#8220;{%22gcid-primary-color%22:%91%22text_text_color%22%93}&#8220;]<\/p>\n<p>Unser Imagefilm zur <strong>160-Jahre Jubil\u00e4umsfeier\u00a0<\/strong><a href=\"https:\/\/www.youtube.com\/watch?v=wzhJygGgrzo\" title=\"Imagefilm\" data-wpel-link=\"external\" target=\"_blank\" class=\"wpel-exit-confirmation\" rel=\"follow external noopener noreferrer\"><\/a><\/p>\n<p>[\/et_pb_text][\/et_pb_column][\/et_pb_row][et_pb_row _builder_version=&#8220;4.25.1&#8243; _module_preset=&#8220;default&#8220; custom_margin=&#8220;-22px||||false|false&#8220; global_colors_info=&#8220;{}&#8220;][et_pb_column type=&#8220;4_4&#8243; _builder_version=&#8220;4.25.1&#8243; _module_preset=&#8220;default&#8220; global_colors_info=&#8220;{}&#8220;][et_pb_code _builder_version=&#8220;4.27.4&#8243; _module_preset=&#8220;default&#8220; global_colors_info=&#8220;{}&#8220;]<\/p>\n<div id=\"english-video\" style=\"display:none;\"><!-- [et_pb_line_break_holder] -->  <iframe width=\"1120\" height=\"630\"<!-- [et_pb_line_break_holder] -->    src=&#8220;https:\/\/www.youtube-nocookie.com\/embed\/kzwmnZ6mX8M?si=iaND9ABoxzVY5Yx3&#038;controls=0&#8243;<!-- [et_pb_line_break_holder] -->    title=&#8220;YouTube video player&#8220;<!-- [et_pb_line_break_holder] -->    frameborder=&#8220;0&#8243;<!-- [et_pb_line_break_holder] -->    allow=&#8220;accelerometer; autoplay; clipboard-write; encrypted-media; gyroscope; picture-in-picture; web-share&#8220;<!-- [et_pb_line_break_holder] -->    referrerpolicy=&#8220;strict-origin-when-cross-origin&#8220;<!-- [et_pb_line_break_holder] -->    allowfullscreen><!-- [et_pb_line_break_holder] -->  <\/iframe><!-- [et_pb_line_break_holder] --><\/div>\n<p><!-- [et_pb_line_break_holder] --><!-- [et_pb_line_break_holder] --><script><!-- [et_pb_line_break_holder] -->  if (window.location.pathname.includes('\/en\/')) {<!-- [et_pb_line_break_holder] -->    document.getElementById('english-video').style.display = 'block';<!-- [et_pb_line_break_holder] -->  }<!-- [et_pb_line_break_holder] --><\/script>[\/et_pb_code][et_pb_code _builder_version=&#8220;4.27.4&#8243; _module_preset=&#8220;default&#8220; global_colors_info=&#8220;{}&#8220;]<\/p>\n<div id=\"german-video\" style=\"display:none;\"><!-- [et_pb_line_break_holder] -->  <iframe width=\"1120\" height=\"630\"<!-- [et_pb_line_break_holder] -->    src=&#8220;https:\/\/www.youtube.com\/embed\/wzhJygGgrzo?si=xRnYcSDQAoEaEFv7&#8243;<!-- [et_pb_line_break_holder] -->    title=&#8220;YouTube video player&#8220;<!-- [et_pb_line_break_holder] -->    frameborder=&#8220;0&#8243;<!-- [et_pb_line_break_holder] -->    allow=&#8220;accelerometer; autoplay; clipboard-write; encrypted-media; gyroscope; picture-in-picture; web-share&#8220;<!-- [et_pb_line_break_holder] -->    referrerpolicy=&#8220;strict-origin-when-cross-origin&#8220;<!-- [et_pb_line_break_holder] -->    allowfullscreen><!-- [et_pb_line_break_holder] -->  <\/iframe><!-- [et_pb_line_break_holder] --><\/div>\n<p><!-- [et_pb_line_break_holder] --><!-- [et_pb_line_break_holder] --><script><!-- [et_pb_line_break_holder] -->  \/\/ Zeige das deutsche Video nur, wenn die URL KEIN \"\/en\/\" enth\u00e4lt<!-- [et_pb_line_break_holder] -->  if (!window.location.pathname.toLowerCase().includes('\/en\/')) {<!-- [et_pb_line_break_holder] -->    document.getElementById('german-video').style.display = 'block';<!-- [et_pb_line_break_holder] -->  }<!-- [et_pb_line_break_holder] --><\/script>[\/et_pb_code][et_pb_video src=&#8220;https:\/\/www.youtube.com\/watch?v=kzwmnZ6mX8M&#8220; _builder_version=&#8220;4.27.4&#8243; _module_preset=&#8220;default&#8220; custom_css_main_element=&#8220;html%91lang=%22de%22%93 &#038; {display:none !important;}&#8220; border_radii=&#8220;on|30px|30px|30px|30px&#8220; global_colors_info=&#8220;{}&#8220;][\/et_pb_video][\/et_pb_column][\/et_pb_row][\/et_pb_section][et_pb_section fb_built=&#8220;1&#8243; _builder_version=&#8220;4.25.1&#8243; _module_preset=&#8220;default&#8220; custom_padding=&#8220;0px|||||&#8220; global_colors_info=&#8220;{}&#8220;][et_pb_row _builder_version=&#8220;4.25.1&#8243; _module_preset=&#8220;default&#8220; custom_padding=&#8220;70px|||||&#8220; global_colors_info=&#8220;{}&#8220;][et_pb_column type=&#8220;4_4&#8243; _builder_version=&#8220;4.25.1&#8243; _module_preset=&#8220;default&#8220; global_colors_info=&#8220;{}&#8220;][et_pb_text _builder_version=&#8220;4.25.1&#8243; _module_preset=&#8220;default&#8220; text_font=&#8220;&#8211;et_global_body_font||||||||&#8220; text_text_color=&#8220;gcid-primary-color&#8220; text_font_size=&#8220;21px&#8220; custom_margin=&#8220;-4px||||false|false&#8220; global_colors_info=&#8220;{%22gcid-primary-color%22:%91%22text_text_color%22%93}&#8220;]<\/p>\n<p><span>15 Jahre Lena Hoschek<\/span><\/p>\n<p>[\/et_pb_text][et_pb_text _builder_version=&#8220;4.25.1&#8243; _module_preset=&#8220;default&#8220; text_text_color=&#8220;#000000&#8243; text_font_size=&#8220;18px&#8220; custom_margin=&#8220;-17px||-17px||false|false&#8220; global_colors_info=&#8220;{}&#8220;]<\/p>\n<p><span>Nachhaltigkeit<\/span><\/p>\n<p>[\/et_pb_text][\/et_pb_column][\/et_pb_row][et_pb_row _builder_version=&#8220;4.25.1&#8243; _module_preset=&#8220;default&#8220; global_colors_info=&#8220;{}&#8220;][et_pb_column type=&#8220;4_4&#8243; _builder_version=&#8220;4.25.1&#8243; _module_preset=&#8220;default&#8220; global_colors_info=&#8220;{}&#8220;][et_pb_image src=&#8220;https:\/\/www.mmaurer.at\/wp-content\/uploads\/2024\/10\/IMG_7634.jpeg&#8220; title_text=&#8220;IMG_7634&#8243; _builder_version=&#8220;4.25.1&#8243; _module_preset=&#8220;default&#8220; border_radii=&#8220;on|30px|30px|30px|30px&#8220; global_colors_info=&#8220;{}&#8220;][\/et_pb_image][\/et_pb_column][\/et_pb_row][\/et_pb_section][et_pb_section fb_built=&#8220;1&#8243; _builder_version=&#8220;4.25.1&#8243; _module_preset=&#8220;default&#8220; custom_padding=&#8220;0px||0px|||&#8220; global_colors_info=&#8220;{}&#8220;][et_pb_row column_structure=&#8220;1_2,1_2&#8243; _builder_version=&#8220;4.25.1&#8243; _module_preset=&#8220;default&#8220; global_colors_info=&#8220;{}&#8220;][et_pb_column type=&#8220;1_2&#8243; _builder_version=&#8220;4.25.1&#8243; _module_preset=&#8220;default&#8220; global_colors_info=&#8220;{}&#8220;][et_pb_text _builder_version=&#8220;4.25.1&#8243; _module_preset=&#8220;default&#8220; text_font=&#8220;&#8211;et_global_body_font||||||||&#8220; text_text_color=&#8220;gcid-primary-color&#8220; text_font_size=&#8220;21px&#8220; custom_margin=&#8220;-4px||||false|false&#8220; global_colors_info=&#8220;{%22gcid-primary-color%22:%91%22text_text_color%22%93}&#8220;]<\/p>\n<p><span>02\/2020 Falter&#8217;s Best of Vienna<\/span><\/p>\n<p>[\/et_pb_text][et_pb_text _builder_version=&#8220;4.25.1&#8243; _module_preset=&#8220;default&#8220; text_text_color=&#8220;#000000&#8243; text_font_size=&#8220;18px&#8220; custom_margin=&#8220;-17px||||false|false&#8220; global_colors_info=&#8220;{}&#8220;]<\/p>\n<p><span>Die 5 besten Traditionsmanufakturen<\/span><\/p>\n<p>[\/et_pb_text][\/et_pb_column][et_pb_column type=&#8220;1_2&#8243; _builder_version=&#8220;4.25.1&#8243; _module_preset=&#8220;default&#8220; global_colors_info=&#8220;{}&#8220;][et_pb_text _builder_version=&#8220;4.25.1&#8243; _module_preset=&#8220;default&#8220; text_font=&#8220;&#8211;et_global_body_font||||||||&#8220; text_text_color=&#8220;gcid-primary-color&#8220; text_font_size=&#8220;21px&#8220; custom_margin=&#8220;-4px||||false|false&#8220; global_colors_info=&#8220;{%22gcid-primary-color%22:%91%22text_text_color%22%93}&#8220;]<\/p>\n<p><span>11\/2020 Das Gro\u00dfe Buch der Manufakturen<\/span><\/p>\n<p>[\/et_pb_text][et_pb_text _builder_version=&#8220;4.25.1&#8243; _module_preset=&#8220;default&#8220; text_text_color=&#8220;#000000&#8243; text_font_size=&#8220;18px&#8220; custom_margin=&#8220;-17px||||false|false&#8220; global_colors_info=&#8220;{}&#8220;]<\/p>\n<p><span>Von Olaf Sali\u00e9 in Zusammenarbeit mit der ZEIT.<\/span><\/p>\n<p>[\/et_pb_text][\/et_pb_column][\/et_pb_row][et_pb_row column_structure=&#8220;1_2,1_2&#8243; _builder_version=&#8220;4.25.1&#8243; _module_preset=&#8220;default&#8220; custom_padding=&#8220;||67px|||&#8220; global_colors_info=&#8220;{}&#8220;][et_pb_column type=&#8220;1_2&#8243; _builder_version=&#8220;4.25.1&#8243; _module_preset=&#8220;default&#8220; global_colors_info=&#8220;{}&#8220;][et_pb_image src=&#8220;https:\/\/www.mmaurer.at\/wp-content\/uploads\/2024\/10\/IMG_7635.png&#8220; title_text=&#8220;IMG_7635&#8243; _builder_version=&#8220;4.25.1&#8243; _module_preset=&#8220;default&#8220; border_radii=&#8220;on|30px|30px|30px|30px&#8220; global_colors_info=&#8220;{}&#8220;][\/et_pb_image][\/et_pb_column][et_pb_column type=&#8220;1_2&#8243; _builder_version=&#8220;4.25.1&#8243; _module_preset=&#8220;default&#8220; global_colors_info=&#8220;{}&#8220;][et_pb_image src=&#8220;https:\/\/www.mmaurer.at\/wp-content\/uploads\/2024\/10\/IMG_7636.jpeg&#8220; title_text=&#8220;IMG_7636&#8243; _builder_version=&#8220;4.25.1&#8243; _module_preset=&#8220;default&#8220; global_colors_info=&#8220;{}&#8220;][\/et_pb_image][\/et_pb_column][\/et_pb_row][\/et_pb_section][et_pb_section fb_built=&#8220;1&#8243; _builder_version=&#8220;4.25.1&#8243; _module_preset=&#8220;default&#8220; background_color=&#8220;RGBA(255,255,255,0)&#8220; custom_padding=&#8220;15px||18px|||&#8220; global_colors_info=&#8220;{}&#8220;][et_pb_row _builder_version=&#8220;4.25.1&#8243; _module_preset=&#8220;default&#8220; min_height=&#8220;82.8px&#8220; custom_margin=&#8220;7px|auto||auto||&#8220; custom_padding=&#8220;||0px|||&#8220; global_colors_info=&#8220;{}&#8220;][et_pb_column type=&#8220;4_4&#8243; _builder_version=&#8220;4.25.1&#8243; _module_preset=&#8220;default&#8220; global_colors_info=&#8220;{}&#8220;][et_pb_text _builder_version=&#8220;4.25.1&#8243; _module_preset=&#8220;default&#8220; text_font=&#8220;|600|||||||&#8220; text_text_color=&#8220;gcid-primary-color&#8220; text_font_size=&#8220;35px&#8220; background_color=&#8220;RGBA(255,255,255,0)&#8220; global_colors_info=&#8220;{%22gcid-primary-color%22:%91%22text_text_color%22%93}&#8220;]<\/p>\n<p>TV Ausstrahlungen<\/p>\n<p>[\/et_pb_text][\/et_pb_column][\/et_pb_row][\/et_pb_section][et_pb_section fb_built=&#8220;1&#8243; _builder_version=&#8220;4.25.1&#8243; _module_preset=&#8220;default&#8220; background_color=&#8220;#FFFFFF&#8220; custom_padding=&#8220;0px|||||&#8220; global_colors_info=&#8220;{}&#8220;][et_pb_row column_structure=&#8220;1_3,1_3,1_3&#8243; _builder_version=&#8220;4.25.1&#8243; _module_preset=&#8220;default&#8220; custom_padding=&#8220;0px|||||&#8220; global_colors_info=&#8220;{}&#8220;][et_pb_column type=&#8220;1_3&#8243; _builder_version=&#8220;4.25.1&#8243; _module_preset=&#8220;default&#8220; global_colors_info=&#8220;{}&#8220;][et_pb_text _builder_version=&#8220;4.25.1&#8243; _module_preset=&#8220;default&#8220; text_font=&#8220;&#8211;et_global_body_font||||||||&#8220; text_text_color=&#8220;gcid-primary-color&#8220; text_font_size=&#8220;21px&#8220; custom_margin=&#8220;-4px||||false|false&#8220; global_colors_info=&#8220;{%22gcid-primary-color%22:%91%22text_text_color%22%93}&#8220;]<\/p>\n<p><span>25.10.2020 ORF 2<\/span><\/p>\n<p>[\/et_pb_text][et_pb_text _builder_version=&#8220;4.25.1&#8243; _module_preset=&#8220;default&#8220; text_text_color=&#8220;#000000&#8243; text_font_size=&#8220;18px&#8220; custom_margin=&#8220;-17px||||false|false&#8220; global_colors_info=&#8220;{}&#8220;]<\/p>\n<p><span>&#8222;Heimat fremde Heimat&#8220;<\/span><\/p>\n<p>[\/et_pb_text][\/et_pb_column][et_pb_column type=&#8220;1_3&#8243; _builder_version=&#8220;4.25.1&#8243; _module_preset=&#8220;default&#8220; global_colors_info=&#8220;{}&#8220;][et_pb_text _builder_version=&#8220;4.25.1&#8243; _module_preset=&#8220;default&#8220; text_font=&#8220;&#8211;et_global_body_font||||||||&#8220; text_text_color=&#8220;gcid-primary-color&#8220; text_font_size=&#8220;21px&#8220; custom_margin=&#8220;-4px||||false|false&#8220; global_colors_info=&#8220;{%22gcid-primary-color%22:%91%22text_text_color%22%93}&#8220;]<\/p>\n<div class=\"blockcontainer\">\n<div class=\"blockleft\">03\/2020 ORF 2 &#8211; Studio 2<\/div>\n<\/div>\n<p>[\/et_pb_text][et_pb_text _builder_version=&#8220;4.25.1&#8243; _module_preset=&#8220;default&#8220; text_text_color=&#8220;#000000&#8243; text_font_size=&#8220;18px&#8220; custom_margin=&#8220;-17px||||false|false&#8220; global_colors_info=&#8220;{}&#8220;]<\/p>\n<p><span>&#8222;Posamente&#8220;<\/span><\/p>\n<p>[\/et_pb_text][\/et_pb_column][et_pb_column type=&#8220;1_3&#8243; _builder_version=&#8220;4.25.1&#8243; _module_preset=&#8220;default&#8220; global_colors_info=&#8220;{}&#8220;][et_pb_text _builder_version=&#8220;4.25.1&#8243; _module_preset=&#8220;default&#8220; text_font=&#8220;&#8211;et_global_body_font||||||||&#8220; text_text_color=&#8220;gcid-primary-color&#8220; text_font_size=&#8220;21px&#8220; custom_margin=&#8220;-4px||||false|false&#8220; global_colors_info=&#8220;{%22gcid-primary-color%22:%91%22text_text_color%22%93}&#8220;]<\/p>\n<p><span>03\/2020 ORF 2 &#8211; Studio 2<\/span><\/p>\n<p>[\/et_pb_text][et_pb_text _builder_version=&#8220;4.25.1&#8243; _module_preset=&#8220;default&#8220; text_text_color=&#8220;#000000&#8243; text_font_size=&#8220;18px&#8220; custom_margin=&#8220;-17px||||false|false&#8220; global_colors_info=&#8220;{}&#8220;]<\/p>\n<p><span>Vorbereitungen auf den Opernball<\/span><\/p>\n<p>[\/et_pb_text][\/et_pb_column][\/et_pb_row][et_pb_row column_structure=&#8220;1_3,1_3,1_3&#8243; _builder_version=&#8220;4.25.1&#8243; _module_preset=&#8220;default&#8220; global_colors_info=&#8220;{}&#8220;][et_pb_column type=&#8220;1_3&#8243; _builder_version=&#8220;4.25.1&#8243; _module_preset=&#8220;default&#8220; global_colors_info=&#8220;{}&#8220;][et_pb_image src=&#8220;https:\/\/www.mmaurer.at\/wp-content\/uploads\/2024\/10\/IMG_7637.jpeg&#8220; title_text=&#8220;IMG_7637&#8243; _builder_version=&#8220;4.25.1&#8243; _module_preset=&#8220;default&#8220; border_radii=&#8220;on|30px|30px|30px|30px&#8220; global_colors_info=&#8220;{}&#8220;][\/et_pb_image][\/et_pb_column][et_pb_column type=&#8220;1_3&#8243; _builder_version=&#8220;4.25.1&#8243; _module_preset=&#8220;default&#8220; global_colors_info=&#8220;{}&#8220;][et_pb_image src=&#8220;https:\/\/www.mmaurer.at\/wp-content\/uploads\/2024\/10\/IMG_7638.jpeg&#8220; title_text=&#8220;IMG_7638&#8243; _builder_version=&#8220;4.25.1&#8243; _module_preset=&#8220;default&#8220; border_radii=&#8220;on|30px|30px|30px|30px&#8220; global_colors_info=&#8220;{}&#8220;][\/et_pb_image][\/et_pb_column][et_pb_column type=&#8220;1_3&#8243; _builder_version=&#8220;4.25.1&#8243; _module_preset=&#8220;default&#8220; global_colors_info=&#8220;{}&#8220;][et_pb_image src=&#8220;https:\/\/www.mmaurer.at\/wp-content\/uploads\/2024\/10\/IMG_7639.jpeg&#8220; title_text=&#8220;IMG_7639&#8243; _builder_version=&#8220;4.25.1&#8243; _module_preset=&#8220;default&#8220; border_radii=&#8220;on|30px|30px|30px|30px&#8220; global_colors_info=&#8220;{}&#8220;][\/et_pb_image][\/et_pb_column][\/et_pb_row][\/et_pb_section][et_pb_section fb_built=&#8220;1&#8243; _builder_version=&#8220;4.25.1&#8243; _module_preset=&#8220;default&#8220; background_color=&#8220;#FFFFFF&#8220; custom_padding=&#8220;0px|||||&#8220; global_colors_info=&#8220;{}&#8220;][et_pb_row column_structure=&#8220;1_3,1_3,1_3&#8243; _builder_version=&#8220;4.25.1&#8243; _module_preset=&#8220;default&#8220; global_colors_info=&#8220;{}&#8220;][et_pb_column type=&#8220;1_3&#8243; _builder_version=&#8220;4.25.1&#8243; _module_preset=&#8220;default&#8220; global_colors_info=&#8220;{}&#8220;][et_pb_text _builder_version=&#8220;4.25.1&#8243; _module_preset=&#8220;default&#8220; text_font=&#8220;&#8211;et_global_body_font||||||||&#8220; text_text_color=&#8220;gcid-primary-color&#8220; text_font_size=&#8220;21px&#8220; custom_margin=&#8220;-4px||||false|false&#8220; global_colors_info=&#8220;{%22gcid-primary-color%22:%91%22text_text_color%22%93}&#8220;]<\/p>\n<p><span>21.03.2019 WienProducts<\/span><\/p>\n<p>[\/et_pb_text][et_pb_text _builder_version=&#8220;4.25.1&#8243; _module_preset=&#8220;default&#8220; text_text_color=&#8220;#000000&#8243; text_font_size=&#8220;18px&#8220; custom_margin=&#8220;-17px||||false|false&#8220; global_colors_info=&#8220;{}&#8220;]<\/p>\n<p><span>(WKO) zu Besuch bei M.Maurer<\/span><\/p>\n<p>[\/et_pb_text][\/et_pb_column][et_pb_column type=&#8220;1_3&#8243; _builder_version=&#8220;4.25.1&#8243; _module_preset=&#8220;default&#8220; global_colors_info=&#8220;{}&#8220;][et_pb_text _builder_version=&#8220;4.25.1&#8243; _module_preset=&#8220;default&#8220; text_font=&#8220;&#8211;et_global_body_font||||||||&#8220; text_text_color=&#8220;gcid-primary-color&#8220; text_font_size=&#8220;21px&#8220; custom_margin=&#8220;-4px||||false|false&#8220; global_colors_info=&#8220;{%22gcid-primary-color%22:%91%22text_text_color%22%93}&#8220;]<\/p>\n<div class=\"blockcontainer\">\n<div class=\"blockleft\"><span>28.09.2016 Servus TV &#8222;Krone&#8220;<\/span><\/div>\n<\/div>\n<p>[\/et_pb_text][et_pb_text _builder_version=&#8220;4.25.1&#8243; _module_preset=&#8220;default&#8220; text_text_color=&#8220;#000000&#8243; text_font_size=&#8220;18px&#8220; custom_margin=&#8220;-17px||||false|false&#8220; global_colors_info=&#8220;{}&#8220;][\/et_pb_text][\/et_pb_column][et_pb_column type=&#8220;1_3&#8243; _builder_version=&#8220;4.25.1&#8243; _module_preset=&#8220;default&#8220; global_colors_info=&#8220;{}&#8220;][et_pb_text _builder_version=&#8220;4.25.1&#8243; _module_preset=&#8220;default&#8220; text_font=&#8220;&#8211;et_global_body_font||||||||&#8220; text_text_color=&#8220;gcid-primary-color&#8220; text_font_size=&#8220;21px&#8220; custom_margin=&#8220;-4px||||false|false&#8220; global_colors_info=&#8220;{%22gcid-primary-color%22:%91%22text_text_color%22%93}&#8220;]<\/p>\n<p><span>14.03.2016 ORF &#8222;heute leben&#8220;<\/span><\/p>\n<p>[\/et_pb_text][\/et_pb_column][\/et_pb_row][et_pb_row column_structure=&#8220;1_3,1_3,1_3&#8243; _builder_version=&#8220;4.25.1&#8243; _module_preset=&#8220;default&#8220; global_colors_info=&#8220;{}&#8220;][et_pb_column type=&#8220;1_3&#8243; _builder_version=&#8220;4.25.1&#8243; _module_preset=&#8220;default&#8220; global_colors_info=&#8220;{}&#8220;][et_pb_image src=&#8220;https:\/\/www.mmaurer.at\/wp-content\/uploads\/2024\/10\/IMG_7647.jpeg&#8220; title_text=&#8220;IMG_7647&#8243; _builder_version=&#8220;4.25.1&#8243; _module_preset=&#8220;default&#8220; border_radii=&#8220;on|30px|30px|30px|30px&#8220; global_colors_info=&#8220;{}&#8220;][\/et_pb_image][\/et_pb_column][et_pb_column type=&#8220;1_3&#8243; _builder_version=&#8220;4.25.1&#8243; _module_preset=&#8220;default&#8220; global_colors_info=&#8220;{}&#8220;][et_pb_image src=&#8220;https:\/\/www.mmaurer.at\/wp-content\/uploads\/2024\/10\/IMG_7656-e1729714278184.png&#8220; title_text=&#8220;IMG_7656&#8243; _builder_version=&#8220;4.25.1&#8243; _module_preset=&#8220;default&#8220; min_height=&#8220;100px&#8220; border_radii=&#8220;on|30px|30px|30px|30px&#8220; global_colors_info=&#8220;{}&#8220;][\/et_pb_image][\/et_pb_column][et_pb_column type=&#8220;1_3&#8243; _builder_version=&#8220;4.25.1&#8243; _module_preset=&#8220;default&#8220; global_colors_info=&#8220;{}&#8220;][et_pb_image src=&#8220;https:\/\/www.mmaurer.at\/wp-content\/uploads\/2024\/10\/IMG_7657.png&#8220; title_text=&#8220;IMG_7657&#8243; _builder_version=&#8220;4.25.1&#8243; _module_preset=&#8220;default&#8220; border_radii=&#8220;on|30px|30px|30px|30px&#8220; global_colors_info=&#8220;{}&#8220;][\/et_pb_image][\/et_pb_column][\/et_pb_row][\/et_pb_section][et_pb_section fb_built=&#8220;1&#8243; _builder_version=&#8220;4.25.1&#8243; _module_preset=&#8220;default&#8220; background_color=&#8220;#FFFFFF&#8220; custom_padding=&#8220;0px|||||&#8220; global_colors_info=&#8220;{}&#8220;][et_pb_row column_structure=&#8220;1_3,1_3,1_3&#8243; _builder_version=&#8220;4.25.1&#8243; _module_preset=&#8220;default&#8220; global_colors_info=&#8220;{}&#8220;][et_pb_column type=&#8220;1_3&#8243; _builder_version=&#8220;4.25.1&#8243; _module_preset=&#8220;default&#8220; global_colors_info=&#8220;{}&#8220;][et_pb_text _builder_version=&#8220;4.25.1&#8243; _module_preset=&#8220;default&#8220; text_font=&#8220;&#8211;et_global_body_font||||||||&#8220; text_text_color=&#8220;gcid-primary-color&#8220; text_font_size=&#8220;21px&#8220; custom_margin=&#8220;-4px||||false|false&#8220; global_colors_info=&#8220;{%22gcid-primary-color%22:%91%22text_text_color%22%93}&#8220;]<\/p>\n<p>2014 \u00d61 &#8211; Interview mit Konrad Maurer<\/p>\n<p>[\/et_pb_text][et_pb_text _builder_version=&#8220;4.25.1&#8243; _module_preset=&#8220;default&#8220; text_text_color=&#8220;#000000&#8243; text_font_size=&#8220;18px&#8220; custom_margin=&#8220;-17px||||false|false&#8220; global_colors_info=&#8220;{}&#8220;]<\/p>\n<p>der Beruf des Posamentierers<\/p>\n<p>[\/et_pb_text][\/et_pb_column][et_pb_column type=&#8220;1_3&#8243; _builder_version=&#8220;4.25.1&#8243; _module_preset=&#8220;default&#8220; global_colors_info=&#8220;{}&#8220;][et_pb_text _builder_version=&#8220;4.25.1&#8243; _module_preset=&#8220;default&#8220; text_font=&#8220;&#8211;et_global_body_font||||||||&#8220; text_text_color=&#8220;gcid-primary-color&#8220; text_font_size=&#8220;21px&#8220; custom_margin=&#8220;-4px||||false|false&#8220; global_colors_info=&#8220;{%22gcid-primary-color%22:%91%22text_text_color%22%93}&#8220;]<\/p>\n<div class=\"blockcontainer\">\n<div class=\"blockleft\"><span>05.04.1997 ORF<\/span><\/div>\n<\/div>\n<p>[\/et_pb_text][et_pb_text _builder_version=&#8220;4.25.1&#8243; _module_preset=&#8220;default&#8220; text_text_color=&#8220;#000000&#8243; text_font_size=&#8220;18px&#8220; custom_margin=&#8220;-17px||||false|false&#8220; global_colors_info=&#8220;{}&#8220;]<\/p>\n<p>&#8222;ins Land einischaun&#8220;<\/p>\n<p>[\/et_pb_text][\/et_pb_column][et_pb_column type=&#8220;1_3&#8243; _builder_version=&#8220;4.25.1&#8243; _module_preset=&#8220;default&#8220; global_colors_info=&#8220;{}&#8220;][et_pb_text _builder_version=&#8220;4.25.1&#8243; _module_preset=&#8220;default&#8220; text_font=&#8220;&#8211;et_global_body_font||||||||&#8220; text_text_color=&#8220;gcid-primary-color&#8220; text_font_size=&#8220;21px&#8220; custom_margin=&#8220;-4px||||false|false&#8220; global_colors_info=&#8220;{%22gcid-primary-color%22:%91%22text_text_color%22%93}&#8220;]<\/p>\n<p>Watchado<\/p>\n<p>[\/et_pb_text][et_pb_text _builder_version=&#8220;4.25.1&#8243; _module_preset=&#8220;default&#8220; text_text_color=&#8220;#000000&#8243; text_font_size=&#8220;18px&#8220; custom_margin=&#8220;-17px||||false|false&#8220; global_colors_info=&#8220;{}&#8220;]<\/p>\n<p><span>&#8222;Posamentiererin<\/span><\/p>\n<p>[\/et_pb_text][\/et_pb_column][\/et_pb_row][et_pb_row column_structure=&#8220;1_3,1_3,1_3&#8243; _builder_version=&#8220;4.25.1&#8243; _module_preset=&#8220;default&#8220; global_colors_info=&#8220;{}&#8220;][et_pb_column type=&#8220;1_3&#8243; _builder_version=&#8220;4.25.1&#8243; _module_preset=&#8220;default&#8220; global_colors_info=&#8220;{}&#8220;][et_pb_image src=&#8220;https:\/\/www.mmaurer.at\/wp-content\/uploads\/2024\/10\/IMG_7658.png&#8220; title_text=&#8220;IMG_7658&#8243; _builder_version=&#8220;4.25.1&#8243; _module_preset=&#8220;default&#8220; border_radii=&#8220;on|30px|30px|30px|30px&#8220; global_colors_info=&#8220;{}&#8220;][\/et_pb_image][\/et_pb_column][et_pb_column type=&#8220;1_3&#8243; _builder_version=&#8220;4.25.1&#8243; _module_preset=&#8220;default&#8220; global_colors_info=&#8220;{}&#8220;][et_pb_image src=&#8220;https:\/\/www.mmaurer.at\/wp-content\/uploads\/2024\/10\/IMG_7661.jpeg&#8220; title_text=&#8220;IMG_7661&#8243; _builder_version=&#8220;4.25.1&#8243; _module_preset=&#8220;default&#8220; border_radii=&#8220;on|30px|30px|30px|30px&#8220; global_colors_info=&#8220;{}&#8220;][\/et_pb_image][\/et_pb_column][et_pb_column type=&#8220;1_3&#8243; _builder_version=&#8220;4.25.1&#8243; _module_preset=&#8220;default&#8220; global_colors_info=&#8220;{}&#8220;][et_pb_image src=&#8220;https:\/\/www.mmaurer.at\/wp-content\/uploads\/2024\/11\/IMG_7854-e1731860457878.png&#8220; title_text=&#8220;IMG_7854&#8243; _builder_version=&#8220;4.25.1&#8243; _module_preset=&#8220;default&#8220; border_radii=&#8220;on|30px|30px|30px|30px&#8220; global_colors_info=&#8220;{}&#8220;][\/et_pb_image][\/et_pb_column][\/et_pb_row][\/et_pb_section][et_pb_section fb_built=&#8220;1&#8243; _builder_version=&#8220;4.25.1&#8243; _module_preset=&#8220;default&#8220; background_color=&#8220;#FFFFFF&#8220; custom_padding=&#8220;0px|||||&#8220; global_colors_info=&#8220;{}&#8220;][et_pb_row column_structure=&#8220;1_3,1_3,1_3&#8243; _builder_version=&#8220;4.25.1&#8243; _module_preset=&#8220;default&#8220; custom_padding=&#8220;0px|||||&#8220; global_colors_info=&#8220;{}&#8220;][et_pb_column type=&#8220;1_3&#8243; _builder_version=&#8220;4.25.1&#8243; _module_preset=&#8220;default&#8220; global_colors_info=&#8220;{}&#8220;][et_pb_text _builder_version=&#8220;4.25.1&#8243; _module_preset=&#8220;default&#8220; text_font=&#8220;&#8211;et_global_body_font||||||||&#8220; text_text_color=&#8220;gcid-primary-color&#8220; text_font_size=&#8220;21px&#8220; custom_margin=&#8220;-4px||||false|false&#8220; global_colors_info=&#8220;{%22gcid-primary-color%22:%91%22text_text_color%22%93}&#8220;]<\/p>\n<p><span>23.10.2024 \u00d61<\/span><\/p>\n<p>[\/et_pb_text][et_pb_text _builder_version=&#8220;4.25.1&#8243; _module_preset=&#8220;default&#8220; text_text_color=&#8220;#000000&#8243; text_font_size=&#8220;18px&#8220; custom_margin=&#8220;-17px||||false|false&#8220; global_colors_info=&#8220;{}&#8220;]<\/p>\n<p><span>&#8222;Fr\u00fcher gabs hier 80 Posamentierer&#8220;<\/span><\/p>\n<p>[\/et_pb_text][\/et_pb_column][et_pb_column type=&#8220;1_3&#8243; _builder_version=&#8220;4.25.1&#8243; _module_preset=&#8220;default&#8220; global_colors_info=&#8220;{}&#8220;][et_pb_text _builder_version=&#8220;4.25.1&#8243; _module_preset=&#8220;default&#8220; text_font=&#8220;&#8211;et_global_body_font||||||||&#8220; text_text_color=&#8220;gcid-primary-color&#8220; text_font_size=&#8220;21px&#8220; custom_margin=&#8220;-4px||||false|false&#8220; global_colors_info=&#8220;{%22gcid-primary-color%22:%91%22text_text_color%22%93}&#8220;]<\/p>\n<p>wienlive.at<\/p>\n<p>[\/et_pb_text][et_pb_text _builder_version=&#8220;4.25.1&#8243; _module_preset=&#8220;default&#8220; text_text_color=&#8220;#000000&#8243; text_font_size=&#8220;18px&#8220; custom_margin=&#8220;-17px||||false|false&#8220; global_colors_info=&#8220;{}&#8220;]<\/p>\n<p><span>&#8222;<\/span><span>M. Maurer Posamentrie &#8211; B\u00e4nder, Borten, Epauletten<\/span><span>&#8222;<\/span><\/p>\n<p>[\/et_pb_text][\/et_pb_column][et_pb_column type=&#8220;1_3&#8243; _builder_version=&#8220;4.25.1&#8243; _module_preset=&#8220;default&#8220; global_colors_info=&#8220;{}&#8220;][\/et_pb_column][\/et_pb_row][et_pb_row column_structure=&#8220;1_3,1_3,1_3&#8243; _builder_version=&#8220;4.25.1&#8243; _module_preset=&#8220;default&#8220; global_colors_info=&#8220;{}&#8220;][et_pb_column type=&#8220;1_3&#8243; _builder_version=&#8220;4.25.1&#8243; _module_preset=&#8220;default&#8220; global_colors_info=&#8220;{}&#8220;][et_pb_image src=&#8220;https:\/\/www.mmaurer.at\/wp-content\/uploads\/2024\/11\/IMG_7846.png&#8220; title_text=&#8220;IMG_7846&#8243; _builder_version=&#8220;4.25.1&#8243; _module_preset=&#8220;default&#8220; border_radii=&#8220;on|30px|30px|30px|30px&#8220; global_colors_info=&#8220;{}&#8220;][\/et_pb_image][\/et_pb_column][et_pb_column type=&#8220;1_3&#8243; _builder_version=&#8220;4.25.1&#8243; _module_preset=&#8220;default&#8220; global_colors_info=&#8220;{}&#8220;][et_pb_image src=&#8220;https:\/\/www.mmaurer.at\/wp-content\/uploads\/2024\/11\/IMG_7840.jpeg&#8220; title_text=&#8220;Screenshot&#8220; _builder_version=&#8220;4.25.1&#8243; _module_preset=&#8220;default&#8220; border_radii=&#8220;on|30px|30px|30px|30px&#8220; global_colors_info=&#8220;{}&#8220;][\/et_pb_image][\/et_pb_column][et_pb_column type=&#8220;1_3&#8243; _builder_version=&#8220;4.25.1&#8243; _module_preset=&#8220;default&#8220; global_colors_info=&#8220;{}&#8220;][\/et_pb_column][\/et_pb_row][\/et_pb_section][et_pb_section fb_built=&#8220;1&#8243; _builder_version=&#8220;4.25.1&#8243; _module_preset=&#8220;default&#8220; custom_padding=&#8220;5px||0px|||&#8220; global_colors_info=&#8220;{}&#8220;][et_pb_row _builder_version=&#8220;4.25.1&#8243; _module_preset=&#8220;default&#8220; min_height=&#8220;82.8px&#8220; custom_margin=&#8220;81px|auto|-67px|auto|false|false&#8220; custom_padding=&#8220;||0px|||&#8220; global_colors_info=&#8220;{}&#8220;][et_pb_column type=&#8220;4_4&#8243; _builder_version=&#8220;4.25.1&#8243; _module_preset=&#8220;default&#8220; global_colors_info=&#8220;{}&#8220;][et_pb_text _builder_version=&#8220;4.25.1&#8243; _module_preset=&#8220;default&#8220; text_font=&#8220;|600|||||||&#8220; text_text_color=&#8220;gcid-primary-color&#8220; text_font_size=&#8220;35px&#8220; background_color=&#8220;RGBA(255,255,255,0)&#8220; global_colors_info=&#8220;{%22gcid-primary-color%22:%91%22text_text_color%22%93}&#8220;]<\/p>\n<p>Zeitungsberichte\u00a0<\/p>\n<p>[\/et_pb_text][\/et_pb_column][\/et_pb_row][\/et_pb_section][et_pb_section fb_built=&#8220;1&#8243; _builder_version=&#8220;4.25.1&#8243; _module_preset=&#8220;default&#8220; global_colors_info=&#8220;{}&#8220;][et_pb_row column_structure=&#8220;1_2,1_2&#8243; _builder_version=&#8220;4.25.1&#8243; _module_preset=&#8220;default&#8220; global_colors_info=&#8220;{}&#8220;][et_pb_column type=&#8220;1_2&#8243; _builder_version=&#8220;4.25.1&#8243; _module_preset=&#8220;default&#8220; global_colors_info=&#8220;{}&#8220;][et_pb_text _builder_version=&#8220;4.25.1&#8243; _module_preset=&#8220;default&#8220; text_font=&#8220;&#8211;et_global_body_font||||||||&#8220; text_text_color=&#8220;gcid-primary-color&#8220; text_font_size=&#8220;21px&#8220; custom_margin=&#8220;-4px||||false|false&#8220; global_colors_info=&#8220;{%22gcid-primary-color%22:%91%22text_text_color%22%93}&#8220;]<\/p>\n<div class=\"blockcontainer\">\n<p><span>Dezember 2019<\/span><\/p>\n<\/div>\n<p>[\/et_pb_text][et_pb_text _builder_version=&#8220;4.25.1&#8243; _module_preset=&#8220;default&#8220; text_text_color=&#8220;#000000&#8243; text_font_size=&#8220;18px&#8220; custom_margin=&#8220;-17px||||false|false&#8220; global_colors_info=&#8220;{}&#8220;]<\/p>\n<p><span>The world of interiors<\/span><\/p>\n<p>[\/et_pb_text][\/et_pb_column][et_pb_column type=&#8220;1_2&#8243; _builder_version=&#8220;4.25.1&#8243; _module_preset=&#8220;default&#8220; global_colors_info=&#8220;{}&#8220;][et_pb_text _builder_version=&#8220;4.25.1&#8243; _module_preset=&#8220;default&#8220; text_font=&#8220;&#8211;et_global_body_font||||||||&#8220; text_text_color=&#8220;gcid-primary-color&#8220; text_font_size=&#8220;21px&#8220; custom_margin=&#8220;-4px||||false|false&#8220; global_colors_info=&#8220;{%22gcid-primary-color%22:%91%22text_text_color%22%93}&#8220;]<\/p>\n<div class=\"blockcontainer\">\n<div class=\"blockleft\"><span>09.06.2019 Wiener Zeitung\u00a0<\/span><\/div>\n<\/div>\n<p>[\/et_pb_text][et_pb_text _builder_version=&#8220;4.25.1&#8243; _module_preset=&#8220;default&#8220; text_text_color=&#8220;#000000&#8243; text_font_size=&#8220;18px&#8220; custom_margin=&#8220;-17px||||false|false&#8220; global_colors_info=&#8220;{}&#8220;]<\/p>\n<p><span>&#8222;Fransen und Quasten&#8220;<\/span><\/p>\n<p>[\/et_pb_text][\/et_pb_column][\/et_pb_row][et_pb_row column_structure=&#8220;1_2,1_2&#8243; _builder_version=&#8220;4.25.1&#8243; _module_preset=&#8220;default&#8220; global_colors_info=&#8220;{}&#8220;][et_pb_column type=&#8220;1_2&#8243; _builder_version=&#8220;4.25.1&#8243; _module_preset=&#8220;default&#8220; global_colors_info=&#8220;{}&#8220;][et_pb_image src=&#8220;https:\/\/www.mmaurer.at\/wp-content\/uploads\/2024\/10\/IMG_7641.jpeg&#8220; title_text=&#8220;IMG_7641&#8243; _builder_version=&#8220;4.25.1&#8243; _module_preset=&#8220;default&#8220; border_radii=&#8220;on|30px|30px|30px|30px&#8220; global_colors_info=&#8220;{}&#8220;][\/et_pb_image][\/et_pb_column][et_pb_column type=&#8220;1_2&#8243; _builder_version=&#8220;4.25.1&#8243; _module_preset=&#8220;default&#8220; global_colors_info=&#8220;{}&#8220;][et_pb_image src=&#8220;https:\/\/www.mmaurer.at\/wp-content\/uploads\/2024\/10\/IMG_7645.jpeg&#8220; title_text=&#8220;IMG_7645&#8243; _builder_version=&#8220;4.25.1&#8243; _module_preset=&#8220;default&#8220; border_radii=&#8220;on|30px|30px|30px|30px&#8220; global_colors_info=&#8220;{}&#8220;][\/et_pb_image][\/et_pb_column][\/et_pb_row][\/et_pb_section][et_pb_section fb_built=&#8220;1&#8243; _builder_version=&#8220;4.25.1&#8243; _module_preset=&#8220;default&#8220; custom_padding=&#8220;0px|||||&#8220; global_colors_info=&#8220;{}&#8220;][et_pb_row column_structure=&#8220;1_2,1_2&#8243; _builder_version=&#8220;4.25.1&#8243; _module_preset=&#8220;default&#8220; global_colors_info=&#8220;{}&#8220;][et_pb_column type=&#8220;1_2&#8243; _builder_version=&#8220;4.25.1&#8243; _module_preset=&#8220;default&#8220; global_colors_info=&#8220;{}&#8220;][et_pb_text _builder_version=&#8220;4.25.1&#8243; _module_preset=&#8220;default&#8220; text_font=&#8220;&#8211;et_global_body_font||||||||&#8220; text_text_color=&#8220;gcid-primary-color&#8220; text_font_size=&#8220;21px&#8220; custom_margin=&#8220;-4px||||false|false&#8220; global_colors_info=&#8220;{%22gcid-primary-color%22:%91%22text_text_color%22%93}&#8220;]<\/p>\n<div class=\"blockcontainer\">\n<p><span>24.01.2019 Wiener Bezirkszeitung<\/span><\/p>\n<\/div>\n<p>[\/et_pb_text][et_pb_text _builder_version=&#8220;4.25.1&#8243; _module_preset=&#8220;default&#8220; text_text_color=&#8220;#000000&#8243; text_font_size=&#8220;18px&#8220; custom_margin=&#8220;-17px||||false|false&#8220; global_colors_info=&#8220;{}&#8220;]<\/p>\n<p><span>Traditionsbetrieb sucht Nachwuchs&#8220;<\/span><\/p>\n<p>[\/et_pb_text][\/et_pb_column][et_pb_column type=&#8220;1_2&#8243; _builder_version=&#8220;4.25.1&#8243; _module_preset=&#8220;default&#8220; global_colors_info=&#8220;{}&#8220;][et_pb_text _builder_version=&#8220;4.25.1&#8243; _module_preset=&#8220;default&#8220; text_font=&#8220;&#8211;et_global_body_font||||||||&#8220; text_text_color=&#8220;gcid-primary-color&#8220; text_font_size=&#8220;21px&#8220; custom_margin=&#8220;-4px||||false|false&#8220; global_colors_info=&#8220;{%22gcid-primary-color%22:%91%22text_text_color%22%93}&#8220;]<\/p>\n<div class=\"blockcontainer\">\n<div class=\"blockleft\"><span>29.\/30.12.2018 Der Standard<\/span><\/div>\n<\/div>\n<p>[\/et_pb_text][\/et_pb_column][\/et_pb_row][et_pb_row column_structure=&#8220;1_2,1_2&#8243; _builder_version=&#8220;4.25.1&#8243; _module_preset=&#8220;default&#8220; global_colors_info=&#8220;{}&#8220;][et_pb_column type=&#8220;1_2&#8243; _builder_version=&#8220;4.25.1&#8243; _module_preset=&#8220;default&#8220; global_colors_info=&#8220;{}&#8220;][et_pb_image src=&#8220;https:\/\/www.mmaurer.at\/wp-content\/uploads\/2024\/10\/IMG_7648.jpeg&#8220; title_text=&#8220;IMG_7648&#8243; _builder_version=&#8220;4.25.1&#8243; _module_preset=&#8220;default&#8220; border_radii=&#8220;on|30px|30px|30px|30px&#8220; global_colors_info=&#8220;{}&#8220;][\/et_pb_image][\/et_pb_column][et_pb_column type=&#8220;1_2&#8243; _builder_version=&#8220;4.25.1&#8243; _module_preset=&#8220;default&#8220; global_colors_info=&#8220;{}&#8220;][et_pb_image src=&#8220;https:\/\/www.mmaurer.at\/wp-content\/uploads\/2024\/10\/IMG_7650.jpeg&#8220; title_text=&#8220;IMG_7650&#8243; _builder_version=&#8220;4.25.1&#8243; _module_preset=&#8220;default&#8220; border_radii=&#8220;on|30px|30px|30px|30px&#8220; global_colors_info=&#8220;{}&#8220;][\/et_pb_image][\/et_pb_column][\/et_pb_row][\/et_pb_section][et_pb_section fb_built=&#8220;1&#8243; _builder_version=&#8220;4.25.1&#8243; _module_preset=&#8220;default&#8220; custom_padding=&#8220;0px|||||&#8220; global_colors_info=&#8220;{}&#8220;][et_pb_row column_structure=&#8220;1_2,1_2&#8243; _builder_version=&#8220;4.25.1&#8243; _module_preset=&#8220;default&#8220; global_colors_info=&#8220;{}&#8220;][et_pb_column type=&#8220;1_2&#8243; _builder_version=&#8220;4.25.1&#8243; _module_preset=&#8220;default&#8220; global_colors_info=&#8220;{}&#8220;][et_pb_text _builder_version=&#8220;4.25.1&#8243; _module_preset=&#8220;default&#8220; text_font=&#8220;&#8211;et_global_body_font||||||||&#8220; text_text_color=&#8220;gcid-primary-color&#8220; text_font_size=&#8220;21px&#8220; custom_margin=&#8220;-4px||||false|false&#8220; global_colors_info=&#8220;{%22gcid-primary-color%22:%91%22text_text_color%22%93}&#8220;]<\/p>\n<div class=\"blockcontainer\">\n<p><span>Vienna Designweek 2018<\/span><\/p>\n<\/div>\n<p>[\/et_pb_text][\/et_pb_column][et_pb_column type=&#8220;1_2&#8243; _builder_version=&#8220;4.25.1&#8243; _module_preset=&#8220;default&#8220; global_colors_info=&#8220;{}&#8220;][et_pb_text _builder_version=&#8220;4.25.1&#8243; _module_preset=&#8220;default&#8220; text_font=&#8220;&#8211;et_global_body_font||||||||&#8220; text_text_color=&#8220;gcid-primary-color&#8220; text_font_size=&#8220;21px&#8220; custom_margin=&#8220;-4px||||false|false&#8220; global_colors_info=&#8220;{%22gcid-primary-color%22:%91%22text_text_color%22%93}&#8220;]<\/p>\n<div class=\"blockcontainer\">\n<div class=\"blockleft\">\n<p>26.09.2018 Falter<\/p>\n<\/div>\n<\/div>\n<p>[\/et_pb_text][et_pb_text _builder_version=&#8220;4.25.1&#8243; _module_preset=&#8220;default&#8220; text_font=&#8220;&#8211;et_global_body_font||||||||&#8220; text_text_color=&#8220;#000000&#8243; text_font_size=&#8220;21px&#8220; custom_margin=&#8220;-4px||||false|false&#8220; global_colors_info=&#8220;{}&#8220;]<\/p>\n<div class=\"blockcontainer\">\n<div class=\"blockleft\">\n<p>Manufakturen mitten im Siebten<\/p>\n<\/div>\n<\/div>\n<p>[\/et_pb_text][\/et_pb_column][\/et_pb_row][et_pb_row column_structure=&#8220;1_2,1_2&#8243; _builder_version=&#8220;4.25.1&#8243; _module_preset=&#8220;default&#8220; global_colors_info=&#8220;{}&#8220;][et_pb_column type=&#8220;1_2&#8243; _builder_version=&#8220;4.25.1&#8243; _module_preset=&#8220;default&#8220; global_colors_info=&#8220;{}&#8220;][et_pb_image src=&#8220;https:\/\/www.mmaurer.at\/wp-content\/uploads\/2024\/10\/IMG_7649.jpeg&#8220; title_text=&#8220;IMG_7649&#8243; _builder_version=&#8220;4.25.1&#8243; _module_preset=&#8220;default&#8220; border_radii=&#8220;on|30px|30px|30px|30px&#8220; global_colors_info=&#8220;{}&#8220;][\/et_pb_image][\/et_pb_column][et_pb_column type=&#8220;1_2&#8243; _builder_version=&#8220;4.25.1&#8243; _module_preset=&#8220;default&#8220; global_colors_info=&#8220;{}&#8220;][et_pb_image src=&#8220;https:\/\/www.mmaurer.at\/wp-content\/uploads\/2024\/10\/IMG_7651.png&#8220; title_text=&#8220;IMG_7651&#8243; _builder_version=&#8220;4.25.1&#8243; _module_preset=&#8220;default&#8220; border_radii=&#8220;on|30px|30px|30px|30px&#8220; global_colors_info=&#8220;{}&#8220;][\/et_pb_image][\/et_pb_column][\/et_pb_row][\/et_pb_section][et_pb_section fb_built=&#8220;1&#8243; _builder_version=&#8220;4.25.1&#8243; _module_preset=&#8220;default&#8220; custom_padding=&#8220;0px|||||&#8220; global_colors_info=&#8220;{}&#8220;][et_pb_row column_structure=&#8220;1_2,1_2&#8243; _builder_version=&#8220;4.25.1&#8243; _module_preset=&#8220;default&#8220; global_colors_info=&#8220;{}&#8220;][et_pb_column type=&#8220;1_2&#8243; _builder_version=&#8220;4.25.1&#8243; _module_preset=&#8220;default&#8220; global_colors_info=&#8220;{}&#8220;][et_pb_text _builder_version=&#8220;4.25.1&#8243; _module_preset=&#8220;default&#8220; text_font=&#8220;&#8211;et_global_body_font||||||||&#8220; text_text_color=&#8220;gcid-primary-color&#8220; text_font_size=&#8220;21px&#8220; custom_margin=&#8220;-4px||||false|false&#8220; global_colors_info=&#8220;{%22gcid-primary-color%22:%91%22text_text_color%22%93}&#8220;]<\/p>\n<div class=\"blockcontainer\">\n<p>05.2018 Freizeit Kurier &#8211; Wohnen<\/p>\n<\/div>\n<p>[\/et_pb_text][et_pb_text _builder_version=&#8220;4.25.1&#8243; _module_preset=&#8220;default&#8220; text_font=&#8220;&#8211;et_global_body_font||||||||&#8220; text_text_color=&#8220;#000000&#8243; text_font_size=&#8220;21px&#8220; custom_margin=&#8220;-4px||||false|false&#8220; global_colors_info=&#8220;{}&#8220;]<\/p>\n<div class=\"blockcontainer\">\n<div class=\"blockleft\">\n<p>&#8222;Posamente&#8220;<\/p>\n<\/div>\n<\/div>\n<p>[\/et_pb_text][\/et_pb_column][et_pb_column type=&#8220;1_2&#8243; _builder_version=&#8220;4.25.1&#8243; _module_preset=&#8220;default&#8220; global_colors_info=&#8220;{}&#8220;][et_pb_text _builder_version=&#8220;4.25.1&#8243; _module_preset=&#8220;default&#8220; text_font=&#8220;&#8211;et_global_body_font||||||||&#8220; text_text_color=&#8220;gcid-primary-color&#8220; text_font_size=&#8220;21px&#8220; custom_margin=&#8220;-4px||||false|false&#8220; global_colors_info=&#8220;{%22gcid-primary-color%22:%91%22text_text_color%22%93}&#8220;]<\/p>\n<div class=\"blockcontainer\">\n<div class=\"blockleft\">\n<p>05.2017 Mode Wien Magazin<\/p>\n<\/div>\n<\/div>\n<p>[\/et_pb_text][et_pb_text _builder_version=&#8220;4.25.1&#8243; _module_preset=&#8220;default&#8220; text_font=&#8220;&#8211;et_global_body_font||||||||&#8220; text_text_color=&#8220;#000000&#8243; text_font_size=&#8220;21px&#8220; custom_margin=&#8220;-4px||||false|false&#8220; global_colors_info=&#8220;{}&#8220;]<\/p>\n<div class=\"blockcontainer\">\n<div class=\"blockleft\">\n<p>&#8222;von Kordeln und Quasten&#8220;<\/p>\n<\/div>\n<\/div>\n<p>[\/et_pb_text][\/et_pb_column][\/et_pb_row][et_pb_row column_structure=&#8220;1_2,1_2&#8243; _builder_version=&#8220;4.25.1&#8243; _module_preset=&#8220;default&#8220; global_colors_info=&#8220;{}&#8220;][et_pb_column type=&#8220;1_2&#8243; _builder_version=&#8220;4.25.1&#8243; _module_preset=&#8220;default&#8220; global_colors_info=&#8220;{}&#8220;][et_pb_image src=&#8220;https:\/\/www.mmaurer.at\/wp-content\/uploads\/2024\/10\/IMG_7652.png&#8220; title_text=&#8220;IMG_7652&#8243; _builder_version=&#8220;4.25.1&#8243; _module_preset=&#8220;default&#8220; border_radii=&#8220;on|30px|30px|30px|30px&#8220; global_colors_info=&#8220;{}&#8220;][\/et_pb_image][\/et_pb_column][et_pb_column type=&#8220;1_2&#8243; _builder_version=&#8220;4.25.1&#8243; _module_preset=&#8220;default&#8220; global_colors_info=&#8220;{}&#8220;][et_pb_image src=&#8220;https:\/\/www.mmaurer.at\/wp-content\/uploads\/2024\/10\/IMG_7653.png&#8220; title_text=&#8220;IMG_7653&#8243; _builder_version=&#8220;4.25.1&#8243; _module_preset=&#8220;default&#8220; border_radii=&#8220;on|30px|30px|30px|30px&#8220; global_colors_info=&#8220;{}&#8220;][\/et_pb_image][\/et_pb_column][\/et_pb_row][\/et_pb_section][et_pb_section fb_built=&#8220;1&#8243; _builder_version=&#8220;4.25.1&#8243; _module_preset=&#8220;default&#8220; custom_padding=&#8220;0px|||||&#8220; global_colors_info=&#8220;{}&#8220;][et_pb_row column_structure=&#8220;1_2,1_2&#8243; _builder_version=&#8220;4.25.1&#8243; _module_preset=&#8220;default&#8220; global_colors_info=&#8220;{}&#8220;][et_pb_column type=&#8220;1_2&#8243; _builder_version=&#8220;4.25.1&#8243; _module_preset=&#8220;default&#8220; global_colors_info=&#8220;{}&#8220;][et_pb_text _builder_version=&#8220;4.25.1&#8243; _module_preset=&#8220;default&#8220; text_font=&#8220;&#8211;et_global_body_font||||||||&#8220; text_text_color=&#8220;gcid-primary-color&#8220; text_font_size=&#8220;21px&#8220; custom_margin=&#8220;-4px||||false|false&#8220; global_colors_info=&#8220;{%22gcid-primary-color%22:%91%22text_text_color%22%93}&#8220;]<\/p>\n<div class=\"blockcontainer\">\n<p>21.05.2017 &#8211; Die Presse<\/p>\n<\/div>\n<p>[\/et_pb_text][et_pb_text _builder_version=&#8220;4.25.1&#8243; _module_preset=&#8220;default&#8220; text_font=&#8220;&#8211;et_global_body_font||||||||&#8220; text_text_color=&#8220;#000000&#8243; text_font_size=&#8220;21px&#8220; custom_margin=&#8220;-4px||||false|false&#8220; global_colors_info=&#8220;{}&#8220;]<\/p>\n<div class=\"blockcontainer\">\n<div class=\"blockleft\">\n<p>Ein Haus mit Hang zur Verzierung<\/p>\n<\/div>\n<\/div>\n<p>[\/et_pb_text][\/et_pb_column][et_pb_column type=&#8220;1_2&#8243; _builder_version=&#8220;4.25.1&#8243; _module_preset=&#8220;default&#8220; global_colors_info=&#8220;{}&#8220;][et_pb_text _builder_version=&#8220;4.25.1&#8243; _module_preset=&#8220;default&#8220; text_font=&#8220;&#8211;et_global_body_font||||||||&#8220; text_text_color=&#8220;gcid-primary-color&#8220; text_font_size=&#8220;21px&#8220; custom_margin=&#8220;-4px||||false|false&#8220; global_colors_info=&#8220;{%22gcid-primary-color%22:%91%22text_text_color%22%93}&#8220;]<\/p>\n<div class=\"blockcontainer\">\n<div class=\"blockleft\">\n<p>9.03.2016 Wiener Zeitung<\/p>\n<\/div>\n<\/div>\n<p>[\/et_pb_text][et_pb_text _builder_version=&#8220;4.25.1&#8243; _module_preset=&#8220;default&#8220; text_font=&#8220;&#8211;et_global_body_font||||||||&#8220; text_text_color=&#8220;#000000&#8243; text_font_size=&#8220;21px&#8220; custom_margin=&#8220;-4px||||false|false&#8220; global_colors_info=&#8220;{}&#8220;]<\/p>\n<div class=\"blockcontainer\">\n<div class=\"blockleft\">\n<p>Des Bandlkramers Lieferanten<\/p>\n<\/div>\n<\/div>\n<p>[\/et_pb_text][\/et_pb_column][\/et_pb_row][et_pb_row column_structure=&#8220;1_2,1_2&#8243; _builder_version=&#8220;4.25.1&#8243; _module_preset=&#8220;default&#8220; global_colors_info=&#8220;{}&#8220;][et_pb_column type=&#8220;1_2&#8243; _builder_version=&#8220;4.25.1&#8243; _module_preset=&#8220;default&#8220; global_colors_info=&#8220;{}&#8220;][et_pb_image src=&#8220;https:\/\/www.mmaurer.at\/wp-content\/uploads\/2024\/10\/IMG_7654.png&#8220; title_text=&#8220;IMG_7654&#8243; _builder_version=&#8220;4.25.1&#8243; _module_preset=&#8220;default&#8220; border_radii=&#8220;on|30px|30px|30px|30px&#8220; global_colors_info=&#8220;{}&#8220;][\/et_pb_image][\/et_pb_column][et_pb_column type=&#8220;1_2&#8243; _builder_version=&#8220;4.25.1&#8243; _module_preset=&#8220;default&#8220; global_colors_info=&#8220;{}&#8220;][et_pb_image src=&#8220;https:\/\/www.mmaurer.at\/wp-content\/uploads\/2024\/10\/IMG_7655.png&#8220; title_text=&#8220;IMG_7655&#8243; _builder_version=&#8220;4.25.1&#8243; _module_preset=&#8220;default&#8220; border_radii=&#8220;on|30px|30px|30px|30px&#8220; global_colors_info=&#8220;{}&#8220;][\/et_pb_image][\/et_pb_column][\/et_pb_row][\/et_pb_section][et_pb_section fb_built=&#8220;1&#8243; _builder_version=&#8220;4.25.1&#8243; _module_preset=&#8220;default&#8220; custom_padding=&#8220;0px|||||&#8220; global_colors_info=&#8220;{}&#8220;][et_pb_row column_structure=&#8220;1_2,1_2&#8243; _builder_version=&#8220;4.25.1&#8243; _module_preset=&#8220;default&#8220; global_colors_info=&#8220;{}&#8220;][et_pb_column type=&#8220;1_2&#8243; _builder_version=&#8220;4.25.1&#8243; _module_preset=&#8220;default&#8220; global_colors_info=&#8220;{}&#8220;][et_pb_text _builder_version=&#8220;4.25.1&#8243; _module_preset=&#8220;default&#8220; text_font=&#8220;&#8211;et_global_body_font||||||||&#8220; text_text_color=&#8220;gcid-primary-color&#8220; text_font_size=&#8220;21px&#8220; custom_margin=&#8220;-4px||||false|false&#8220; global_colors_info=&#8220;{%22gcid-primary-color%22:%91%22text_text_color%22%93}&#8220;]<\/p>\n<div class=\"blockcontainer\">\n<p>2011 Bregenzerwald Heft<\/p>\n<\/div>\n<p>[\/et_pb_text][et_pb_text _builder_version=&#8220;4.25.1&#8243; _module_preset=&#8220;default&#8220; text_font=&#8220;&#8211;et_global_body_font||||||||&#8220; text_text_color=&#8220;#000000&#8243; text_font_size=&#8220;21px&#8220; custom_margin=&#8220;-4px||||false|false&#8220; global_colors_info=&#8220;{}&#8220;]<\/p>\n<div class=\"blockcontainer\">\n<div class=\"blockleft\">\n<p>Die Herstellung des Goldfadens<\/p>\n<p>Firma M.Maurer im Portrait<\/p>\n<\/div>\n<\/div>\n<p>[\/et_pb_text][\/et_pb_column][et_pb_column type=&#8220;1_2&#8243; _builder_version=&#8220;4.25.1&#8243; _module_preset=&#8220;default&#8220; global_colors_info=&#8220;{}&#8220;][et_pb_text _builder_version=&#8220;4.25.1&#8243; _module_preset=&#8220;default&#8220; text_font=&#8220;&#8211;et_global_body_font||||||||&#8220; text_text_color=&#8220;gcid-primary-color&#8220; text_font_size=&#8220;21px&#8220; custom_margin=&#8220;-4px||||false|false&#8220; global_colors_info=&#8220;{%22gcid-primary-color%22:%91%22text_text_color%22%93}&#8220;]<\/p>\n<div class=\"blockcontainer\">\n<div class=\"blockleft\">\n<p><span>Krone 26.10.1996<\/span><\/p>\n<\/div>\n<\/div>\n<p>[\/et_pb_text][\/et_pb_column][\/et_pb_row][et_pb_row column_structure=&#8220;1_2,1_2&#8243; _builder_version=&#8220;4.25.1&#8243; _module_preset=&#8220;default&#8220; global_colors_info=&#8220;{}&#8220;][et_pb_column type=&#8220;1_2&#8243; _builder_version=&#8220;4.25.1&#8243; _module_preset=&#8220;default&#8220; global_colors_info=&#8220;{}&#8220;][et_pb_image src=&#8220;https:\/\/www.mmaurer.at\/wp-content\/uploads\/2024\/10\/IMG_7660.png&#8220; title_text=&#8220;IMG_7660&#8243; _builder_version=&#8220;4.25.1&#8243; _module_preset=&#8220;default&#8220; border_radii=&#8220;on|30px|30px|30px|30px&#8220; global_colors_info=&#8220;{}&#8220;][\/et_pb_image][\/et_pb_column][et_pb_column type=&#8220;1_2&#8243; _builder_version=&#8220;4.25.1&#8243; _module_preset=&#8220;default&#8220; global_colors_info=&#8220;{}&#8220;][et_pb_image src=&#8220;https:\/\/www.mmaurer.at\/wp-content\/uploads\/2024\/10\/IMG_7662.jpeg&#8220; title_text=&#8220;IMG_7662&#8243; _builder_version=&#8220;4.25.1&#8243; _module_preset=&#8220;default&#8220; border_radii=&#8220;on|30px|30px|30px|30px&#8220; global_colors_info=&#8220;{}&#8220;][\/et_pb_image][\/et_pb_column][\/et_pb_row][\/et_pb_section][et_pb_section fb_built=&#8220;1&#8243; _builder_version=&#8220;4.25.1&#8243; _module_preset=&#8220;default&#8220; custom_padding=&#8220;70px|||||&#8220; global_colors_info=&#8220;{}&#8220;][et_pb_row _builder_version=&#8220;4.25.1&#8243; _module_preset=&#8220;default&#8220; global_colors_info=&#8220;{}&#8220;][et_pb_column type=&#8220;4_4&#8243; _builder_version=&#8220;4.25.1&#8243; _module_preset=&#8220;default&#8220; global_colors_info=&#8220;{}&#8220;][et_pb_text _builder_version=&#8220;4.25.1&#8243; _module_preset=&#8220;default&#8220; text_font=&#8220;|600|||||||&#8220; text_text_color=&#8220;gcid-primary-color&#8220; text_font_size=&#8220;36px&#8220; global_colors_info=&#8220;{%22gcid-primary-color%22:%91%22text_text_color%22%93}&#8220;]<\/p>\n<p>Weitere Ver\u00f6ffentlichungen\u00a0<\/p>\n<p>[\/et_pb_text][\/et_pb_column][\/et_pb_row][\/et_pb_section][et_pb_section fb_built=&#8220;1&#8243; _builder_version=&#8220;4.25.1&#8243; _module_preset=&#8220;default&#8220; custom_padding=&#8220;0px|||||&#8220; global_colors_info=&#8220;{}&#8220;][et_pb_row column_structure=&#8220;1_2,1_2&#8243; _builder_version=&#8220;4.25.1&#8243; _module_preset=&#8220;default&#8220; global_colors_info=&#8220;{}&#8220;][et_pb_column type=&#8220;1_2&#8243; _builder_version=&#8220;4.25.1&#8243; _module_preset=&#8220;default&#8220; global_colors_info=&#8220;{}&#8220;][et_pb_text _builder_version=&#8220;4.27.5&#8243; _module_preset=&#8220;default&#8220; text_font=&#8220;&#8211;et_global_body_font||||||||&#8220; text_text_color=&#8220;gcid-primary-color&#8220; text_font_size=&#8220;21px&#8220; custom_margin=&#8220;-4px||||false|false&#8220; hover_enabled=&#8220;0&#8243; global_colors_info=&#8220;{%22gcid-primary-color%22:%91%22text_text_color%22%93}&#8220; sticky_enabled=&#8220;0&#8243;]<\/p>\n<div class=\"blockcontainer\">\n<div class=\"blockleft\">\n<div class=\"blockleft\">2026 &#8211; BB Talks Podcast<\/div>\n<\/div>\n<\/div>\n<p>[\/et_pb_text][et_pb_text _builder_version=&#8220;4.27.5&#8243; _module_preset=&#8220;default&#8220; text_font=&#8220;&#8211;et_global_body_font||||||||&#8220; text_text_color=&#8220;#000000&#8243; text_font_size=&#8220;21px&#8220; custom_margin=&#8220;-4px||||false|false&#8220; hover_enabled=&#8220;0&#8243; global_colors_info=&#8220;{}&#8220; sticky_enabled=&#8220;0&#8243;]<\/p>\n<p>Martin Thoma spricht mit Albert Maurer \u00fcber die Welt der Posamente. <a href=\"https:\/\/open.spotify.com\/episode\/4uel4APHHRGDcpSkudmZ91?si=nwQGi7m3S6K_2mid-RmfrA\" target=\"_blank\" rel=\"noopener follow external noreferrer\" data-wpel-link=\"external\" class=\"wpel-exit-confirmation\">Jetzt hier anh\u00f6ren &gt;&gt;<\/a><\/p>\n<p>[\/et_pb_text][\/et_pb_column][et_pb_column type=&#8220;1_2&#8243; _builder_version=&#8220;4.25.1&#8243; _module_preset=&#8220;default&#8220; global_colors_info=&#8220;{}&#8220;][\/et_pb_column][\/et_pb_row][et_pb_row column_structure=&#8220;1_2,1_2&#8243; _builder_version=&#8220;4.25.1&#8243; _module_preset=&#8220;default&#8220; global_colors_info=&#8220;{}&#8220;][et_pb_column type=&#8220;1_2&#8243; _builder_version=&#8220;4.25.1&#8243; _module_preset=&#8220;default&#8220; global_colors_info=&#8220;{}&#8220;][et_pb_text _builder_version=&#8220;4.27.4&#8243; _module_preset=&#8220;default&#8220; text_font=&#8220;&#8211;et_global_body_font||||||||&#8220; text_text_color=&#8220;gcid-primary-color&#8220; text_font_size=&#8220;21px&#8220; custom_margin=&#8220;-4px||||false|false&#8220; global_colors_info=&#8220;{%22gcid-primary-color%22:%91%22text_text_color%22%93}&#8220;]<\/p>\n<div class=\"blockcontainer\">\n<div class=\"blockleft\">\n<div class=\"blockleft\">2025 &#8211; wirtschafts-nachrichten.at<\/div>\n<\/div>\n<\/div>\n<p>[\/et_pb_text][et_pb_text _builder_version=&#8220;4.27.4&#8243; _module_preset=&#8220;default&#8220; text_font=&#8220;&#8211;et_global_body_font||||||||&#8220; text_text_color=&#8220;#000000&#8243; text_font_size=&#8220;21px&#8220; custom_margin=&#8220;-4px||||false|false&#8220; global_colors_info=&#8220;{}&#8220;]<\/p>\n<p>Posamenten aus Neubau: Handwerkstradition am Wirtschaftsstandort Wien<\/p>\n<p>[\/et_pb_text][\/et_pb_column][et_pb_column type=&#8220;1_2&#8243; _builder_version=&#8220;4.25.1&#8243; _module_preset=&#8220;default&#8220; global_colors_info=&#8220;{}&#8220;][et_pb_text _builder_version=&#8220;4.25.1&#8243; _module_preset=&#8220;default&#8220; text_font=&#8220;&#8211;et_global_body_font||||||||&#8220; text_text_color=&#8220;gcid-primary-color&#8220; text_font_size=&#8220;21px&#8220; custom_margin=&#8220;-4px||||false|false&#8220; global_colors_info=&#8220;{%22gcid-primary-color%22:%91%22text_text_color%22%93}&#8220;]<\/p>\n<div class=\"blockcontainer\">\n<div class=\"blockleft\">\n<div class=\"blockleft\">J\u00e4nner 2024, wirtschaftszeit.at<\/div>\n<\/div>\n<\/div>\n<p>[\/et_pb_text][et_pb_text _builder_version=&#8220;4.25.1&#8243; _module_preset=&#8220;default&#8220; text_font=&#8220;&#8211;et_global_body_font||||||||&#8220; text_text_color=&#8220;#000000&#8243; text_font_size=&#8220;21px&#8220; custom_margin=&#8220;-4px||||false|false&#8220; global_colors_info=&#8220;{}&#8220;]<\/p>\n<p>M.Maurer wird 160 Jahre alt\u00a0<\/p>\n<p>[\/et_pb_text][\/et_pb_column][\/et_pb_row][et_pb_row column_structure=&#8220;1_2,1_2&#8243; _builder_version=&#8220;4.25.1&#8243; _module_preset=&#8220;default&#8220; global_colors_info=&#8220;{}&#8220;][et_pb_column type=&#8220;1_2&#8243; _builder_version=&#8220;4.25.1&#8243; _module_preset=&#8220;default&#8220; global_colors_info=&#8220;{}&#8220;][et_pb_image src=&#8220;https:\/\/www.mmaurer.at\/wp-content\/uploads\/2025\/09\/Maurer.png&#8220; title_text=&#8220;Maurer&#8220; url=&#8220;https:\/\/www.meinbezirk.at\/neubau\/c-wirtschaft\/die-neubauer-firma-m-maurer-sucht-nachwuchs_a3135891#gallery=null&#8220; _builder_version=&#8220;4.27.4&#8243; _module_preset=&#8220;default&#8220; height=&#8220;369px&#8220; border_radii=&#8220;on|30px|30px|30px|30px&#8220; global_colors_info=&#8220;{}&#8220;][\/et_pb_image][\/et_pb_column][et_pb_column type=&#8220;1_2&#8243; _builder_version=&#8220;4.25.1&#8243; _module_preset=&#8220;default&#8220; global_colors_info=&#8220;{}&#8220;][et_pb_image src=&#8220;https:\/\/www.mmaurer.at\/wp-content\/uploads\/2024\/11\/IMG_7842.jpeg&#8220; title_text=&#8220;IMG_7842&#8243; _builder_version=&#8220;4.25.1&#8243; _module_preset=&#8220;default&#8220; border_radii=&#8220;on|30px|30px|30px|30px&#8220; global_colors_info=&#8220;{}&#8220;][\/et_pb_image][\/et_pb_column][\/et_pb_row][et_pb_row column_structure=&#8220;1_2,1_2&#8243; _builder_version=&#8220;4.25.1&#8243; _module_preset=&#8220;default&#8220; global_colors_info=&#8220;{}&#8220;][et_pb_column type=&#8220;1_2&#8243; _builder_version=&#8220;4.25.1&#8243; _module_preset=&#8220;default&#8220; global_colors_info=&#8220;{}&#8220;][et_pb_text _builder_version=&#8220;4.25.1&#8243; _module_preset=&#8220;default&#8220; text_font=&#8220;&#8211;et_global_body_font||||||||&#8220; text_text_color=&#8220;gcid-primary-color&#8220; text_font_size=&#8220;21px&#8220; custom_margin=&#8220;-4px||||false|false&#8220; global_colors_info=&#8220;{%22gcid-primary-color%22:%91%22text_text_color%22%93}&#8220;]<\/p>\n<div class=\"blockcontainer\">\n<div class=\"blockleft\">\n<div class=\"blockleft\">2024 Der Standard.at<\/div>\n<\/div>\n<\/div>\n<p>[\/et_pb_text][et_pb_text _builder_version=&#8220;4.25.1&#8243; _module_preset=&#8220;default&#8220; text_font=&#8220;&#8211;et_global_body_font||||||||&#8220; text_text_color=&#8220;#000000&#8243; text_font_size=&#8220;21px&#8220; custom_margin=&#8220;-4px||||false|false&#8220; global_colors_info=&#8220;{}&#8220;]<\/p>\n<p><span>Mitten im hippen siebenten Bezirk betreibt Albert Maurer die Posamentenfabrik.<\/span><\/p>\n<p>[\/et_pb_text][\/et_pb_column][et_pb_column type=&#8220;1_2&#8243; _builder_version=&#8220;4.25.1&#8243; _module_preset=&#8220;default&#8220; global_colors_info=&#8220;{}&#8220;][et_pb_text _builder_version=&#8220;4.27.4&#8243; _module_preset=&#8220;default&#8220; text_font=&#8220;&#8211;et_global_body_font||||||||&#8220; text_text_color=&#8220;gcid-primary-color&#8220; text_font_size=&#8220;21px&#8220; custom_margin=&#8220;-4px||||false|false&#8220; global_colors_info=&#8220;{%22gcid-primary-color%22:%91%22text_text_color%22%93}&#8220;]<\/p>\n<div class=\"blockcontainer\">\n<div class=\"blockleft\">\n<div class=\"blockleft\">2024 &#8211; orf.at<\/div>\n<\/div>\n<\/div>\n<p>[\/et_pb_text][et_pb_text _builder_version=&#8220;4.27.4&#8243; _module_preset=&#8220;default&#8220; text_font=&#8220;&#8211;et_global_body_font||||||||&#8220; text_text_color=&#8220;#000000&#8243; text_font_size=&#8220;21px&#8220; custom_margin=&#8220;-4px||||false|false&#8220; global_colors_info=&#8220;{}&#8220;]<\/p>\n<p>Sch\u00e4rpe f\u00fcr den Bundespr\u00e4sidenten<\/p>\n<p>[\/et_pb_text][\/et_pb_column][\/et_pb_row][et_pb_row column_structure=&#8220;1_2,1_2&#8243; _builder_version=&#8220;4.25.1&#8243; _module_preset=&#8220;default&#8220; global_colors_info=&#8220;{}&#8220;][et_pb_column type=&#8220;1_2&#8243; _builder_version=&#8220;4.25.1&#8243; _module_preset=&#8220;default&#8220; global_colors_info=&#8220;{}&#8220;][et_pb_image src=&#8220;https:\/\/www.mmaurer.at\/wp-content\/uploads\/2024\/11\/IMG_7844.jpeg&#8220; title_text=&#8220;IMG_7844&#8243; _builder_version=&#8220;4.25.1&#8243; _module_preset=&#8220;default&#8220; border_radii=&#8220;on|30px|30px|30px|30px&#8220; global_colors_info=&#8220;{}&#8220;][\/et_pb_image][\/et_pb_column][et_pb_column type=&#8220;1_2&#8243; _builder_version=&#8220;4.25.1&#8243; _module_preset=&#8220;default&#8220; global_colors_info=&#8220;{}&#8220;][et_pb_image src=&#8220;https:\/\/www.mmaurer.at\/wp-content\/uploads\/2025\/09\/1680758_bigpicture_619482_wiener_opernball_2020_bp_van_der_bellen_.jpg&#8220; title_text=&#8220;1680758_bigpicture_619482_wiener_opernball_2020_bp_van_der_bellen_&#8220; url=&#8220;https:\/\/wien.orf.at\/stories\/3241998\/&#8220; _builder_version=&#8220;4.27.4&#8243; _module_preset=&#8220;default&#8220; border_radii=&#8220;on|30px|30px|30px|30px&#8220; global_colors_info=&#8220;{}&#8220;][\/et_pb_image][\/et_pb_column][\/et_pb_row][\/et_pb_section][et_pb_section fb_built=&#8220;1&#8243; _builder_version=&#8220;4.25.1&#8243; _module_preset=&#8220;default&#8220; custom_padding=&#8220;0px|||||&#8220; global_colors_info=&#8220;{}&#8220;][et_pb_row column_structure=&#8220;1_2,1_2&#8243; _builder_version=&#8220;4.25.1&#8243; _module_preset=&#8220;default&#8220; global_colors_info=&#8220;{}&#8220;][et_pb_column type=&#8220;1_2&#8243; _builder_version=&#8220;4.25.1&#8243; _module_preset=&#8220;default&#8220; global_colors_info=&#8220;{}&#8220;][et_pb_text _builder_version=&#8220;4.27.4&#8243; _module_preset=&#8220;default&#8220; text_font=&#8220;&#8211;et_global_body_font||||||||&#8220; text_text_color=&#8220;gcid-primary-color&#8220; text_font_size=&#8220;21px&#8220; custom_margin=&#8220;-4px||||false|false&#8220; global_colors_info=&#8220;{%22gcid-primary-color%22:%91%22text_text_color%22%93}&#8220;]<\/p>\n<div class=\"blockcontainer\">\n<div class=\"blockleft\">\n<div class=\"blockleft\">2022 &#8211; textilportal.net<\/div>\n<\/div>\n<\/div>\n<p>[\/et_pb_text][et_pb_text _builder_version=&#8220;4.27.4&#8243; _module_preset=&#8220;default&#8220; text_font=&#8220;&#8211;et_global_body_font||||||||&#8220; text_text_color=&#8220;#000000&#8243; text_font_size=&#8220;21px&#8220; custom_margin=&#8220;-4px||||false|false&#8220; global_colors_info=&#8220;{}&#8220;]<\/p>\n<p>Albert und die Posamente (Podcast #005)<\/p>\n<p>[\/et_pb_text][\/et_pb_column][et_pb_column type=&#8220;1_2&#8243; _builder_version=&#8220;4.25.1&#8243; _module_preset=&#8220;default&#8220; global_colors_info=&#8220;{}&#8220;][et_pb_text _builder_version=&#8220;4.25.1&#8243; _module_preset=&#8220;default&#8220; text_font=&#8220;&#8211;et_global_body_font||||||||&#8220; text_text_color=&#8220;gcid-primary-color&#8220; text_font_size=&#8220;21px&#8220; custom_margin=&#8220;-4px||||false|false&#8220; global_colors_info=&#8220;{%22gcid-primary-color%22:%91%22text_text_color%22%93}&#8220;]<\/p>\n<div class=\"blockcontainer\">\n<div class=\"blockleft\">\n<div class=\"blockleft\">2018<\/div>\n<\/div>\n<\/div>\n<p>[\/et_pb_text][et_pb_text _builder_version=&#8220;4.25.1&#8243; _module_preset=&#8220;default&#8220; text_font=&#8220;&#8211;et_global_body_font||||||||&#8220; text_text_color=&#8220;#000000&#8243; text_font_size=&#8220;21px&#8220; custom_margin=&#8220;-4px||||false|false&#8220; global_colors_info=&#8220;{}&#8220;]<\/p>\n<p>Vienna Design Week\u00a0<\/p>\n<p>[\/et_pb_text][\/et_pb_column][\/et_pb_row][et_pb_row column_structure=&#8220;1_2,1_2&#8243; _builder_version=&#8220;4.25.1&#8243; _module_preset=&#8220;default&#8220; global_colors_info=&#8220;{}&#8220;][et_pb_column type=&#8220;1_2&#8243; _builder_version=&#8220;4.25.1&#8243; _module_preset=&#8220;default&#8220; global_colors_info=&#8220;{}&#8220;][et_pb_image src=&#8220;https:\/\/www.mmaurer.at\/wp-content\/uploads\/2025\/09\/maurer-posamente-empfang.jpeg&#8220; title_text=&#8220;maurer-posamente-empfang&#8220; url=&#8220;https:\/\/textilportal.net\/maurer-posamente-wien\/&#8220; _builder_version=&#8220;4.27.4&#8243; _module_preset=&#8220;default&#8220; height=&#8220;396px&#8220; border_radii=&#8220;on|30px|30px|30px|30px&#8220; global_colors_info=&#8220;{}&#8220;][\/et_pb_image][\/et_pb_column][et_pb_column type=&#8220;1_2&#8243; _builder_version=&#8220;4.25.1&#8243; _module_preset=&#8220;default&#8220; global_colors_info=&#8220;{}&#8220;][et_pb_image src=&#8220;https:\/\/www.mmaurer.at\/wp-content\/uploads\/2024\/11\/IMG_7850.jpeg&#8220; title_text=&#8220;IMG_7850&#8243; _builder_version=&#8220;4.25.1&#8243; _module_preset=&#8220;default&#8220; border_radii=&#8220;on|30px|30px|30px|30px&#8220; global_colors_info=&#8220;{}&#8220;][\/et_pb_image][\/et_pb_column][\/et_pb_row][\/et_pb_section][et_pb_section fb_built=&#8220;1&#8243; _builder_version=&#8220;4.25.1&#8243; _module_preset=&#8220;default&#8220; custom_padding=&#8220;0px|||||&#8220; global_colors_info=&#8220;{}&#8220;][et_pb_row column_structure=&#8220;1_2,1_2&#8243; _builder_version=&#8220;4.25.1&#8243; _module_preset=&#8220;default&#8220; global_colors_info=&#8220;{}&#8220;][et_pb_column type=&#8220;1_2&#8243; _builder_version=&#8220;4.25.1&#8243; _module_preset=&#8220;default&#8220; global_colors_info=&#8220;{}&#8220;][et_pb_text _builder_version=&#8220;4.25.1&#8243; _module_preset=&#8220;default&#8220; text_font=&#8220;&#8211;et_global_body_font||||||||&#8220; text_text_color=&#8220;gcid-primary-color&#8220; text_font_size=&#8220;21px&#8220; custom_margin=&#8220;-4px||||false|false&#8220; global_colors_info=&#8220;{%22gcid-primary-color%22:%91%22text_text_color%22%93}&#8220;]<\/p>\n<div class=\"blockleft\">6.-10.September\u00a0<\/div>\n<p>[\/et_pb_text][et_pb_text _builder_version=&#8220;4.25.1&#8243; _module_preset=&#8220;default&#8220; text_font=&#8220;&#8211;et_global_body_font||||||||&#8220; text_text_color=&#8220;#000000&#8243; text_font_size=&#8220;21px&#8220; custom_margin=&#8220;-4px||||false|false&#8220; global_colors_info=&#8220;{}&#8220;]<\/p>\n<div class=\"blockcontainer\">\n<div class=\"blockleft\">\n<div class=\"blockleft\">Blog: Auf der &#8222;Maison et Objet&#8220; Messe in Paris<\/div>\n<\/div>\n<\/div>\n<p>[\/et_pb_text][\/et_pb_column][et_pb_column type=&#8220;1_2&#8243; _builder_version=&#8220;4.25.1&#8243; _module_preset=&#8220;default&#8220; global_colors_info=&#8220;{}&#8220;][et_pb_text _builder_version=&#8220;4.25.1&#8243; _module_preset=&#8220;default&#8220; text_font=&#8220;&#8211;et_global_body_font||||||||&#8220; text_text_color=&#8220;gcid-primary-color&#8220; text_font_size=&#8220;21px&#8220; custom_margin=&#8220;-4px||||false|false&#8220; global_colors_info=&#8220;{%22gcid-primary-color%22:%91%22text_text_color%22%93}&#8220;]<\/p>\n<div class=\"blockcontainer\">\n<div class=\"blockleft\">\n<div class=\"blockleft\"><span>2014 Gwandhaus Journal G\u00f6ssl<\/span><\/div>\n<\/div>\n<\/div>\n<p>[\/et_pb_text][\/et_pb_column][\/et_pb_row][et_pb_row column_structure=&#8220;1_2,1_2&#8243; _builder_version=&#8220;4.25.1&#8243; _module_preset=&#8220;default&#8220; global_colors_info=&#8220;{}&#8220;][et_pb_column type=&#8220;1_2&#8243; _builder_version=&#8220;4.25.1&#8243; _module_preset=&#8220;default&#8220; global_colors_info=&#8220;{}&#8220;][et_pb_image src=&#8220;https:\/\/www.mmaurer.at\/wp-content\/uploads\/2024\/10\/IMG_7644.jpeg&#8220; title_text=&#8220;IMG_7644&#8243; _builder_version=&#8220;4.25.1&#8243; _module_preset=&#8220;default&#8220; border_radii=&#8220;on|30px|30px|30px|30px&#8220; global_colors_info=&#8220;{}&#8220;][\/et_pb_image][\/et_pb_column][et_pb_column type=&#8220;1_2&#8243; _builder_version=&#8220;4.25.1&#8243; _module_preset=&#8220;default&#8220; global_colors_info=&#8220;{}&#8220;][et_pb_image src=&#8220;https:\/\/www.mmaurer.at\/wp-content\/uploads\/2024\/10\/IMG_7659.png&#8220; title_text=&#8220;IMG_7659&#8243; _builder_version=&#8220;4.25.1&#8243; _module_preset=&#8220;default&#8220; border_radii=&#8220;on|30px|30px|30px|30px&#8220; global_colors_info=&#8220;{}&#8220;][\/et_pb_image][\/et_pb_column][\/et_pb_row][et_pb_row column_structure=&#8220;1_2,1_2&#8243; _builder_version=&#8220;4.25.1&#8243; _module_preset=&#8220;default&#8220; global_colors_info=&#8220;{}&#8220;][et_pb_column type=&#8220;1_2&#8243; _builder_version=&#8220;4.25.1&#8243; _module_preset=&#8220;default&#8220; global_colors_info=&#8220;{}&#8220;][et_pb_text _builder_version=&#8220;4.25.1&#8243; _module_preset=&#8220;default&#8220; text_font=&#8220;&#8211;et_global_body_font||||||||&#8220; text_text_color=&#8220;gcid-primary-color&#8220; text_font_size=&#8220;21px&#8220; custom_margin=&#8220;-4px||||false|false&#8220; global_colors_info=&#8220;{%22gcid-primary-color%22:%91%22text_text_color%22%93}&#8220;]<\/p>\n<div class=\"blockcontainer\">\n<p><span>Dezember 2019 &#8222;Wiener Traditionsbetriebe&#8220;<\/span><\/p>\n<\/div>\n<p>[\/et_pb_text][et_pb_text _builder_version=&#8220;4.25.1&#8243; _module_preset=&#8220;default&#8220; text_font=&#8220;&#8211;et_global_body_font||||||||&#8220; text_text_color=&#8220;#000000&#8243; text_font_size=&#8220;21px&#8220; custom_margin=&#8220;-4px||||false|false&#8220; global_colors_info=&#8220;{}&#8220;]<\/p>\n<div class=\"blockcontainer\">\n<div class=\"blockleft\">\n<p><span>Von Freya Martin<\/span><\/p>\n<\/div>\n<\/div>\n<p>[\/et_pb_text][\/et_pb_column][et_pb_column type=&#8220;1_2&#8243; _builder_version=&#8220;4.25.1&#8243; _module_preset=&#8220;default&#8220; global_colors_info=&#8220;{}&#8220;][et_pb_text _builder_version=&#8220;4.25.1&#8243; _module_preset=&#8220;default&#8220; text_font=&#8220;&#8211;et_global_body_font||||||||&#8220; text_text_color=&#8220;gcid-primary-color&#8220; text_font_size=&#8220;21px&#8220; custom_margin=&#8220;-4px||||false|false&#8220; global_colors_info=&#8220;{%22gcid-primary-color%22:%91%22text_text_color%22%93}&#8220;]<\/p>\n<div class=\"blockcontainer\">\n<div class=\"blockleft\">\n<div class=\"blockleft\">Dezember 2019<\/div>\n<\/div>\n<\/div>\n<p>[\/et_pb_text][et_pb_text _builder_version=&#8220;4.25.1&#8243; _module_preset=&#8220;default&#8220; text_font=&#8220;&#8211;et_global_body_font||||||||&#8220; text_text_color=&#8220;#000000&#8243; text_font_size=&#8220;21px&#8220; custom_margin=&#8220;-4px||||false|false&#8220; global_colors_info=&#8220;{}&#8220;]<\/p>\n<div class=\"blockcontainer\">\n<div class=\"blockleft\">\n<div class=\"blockleft\">Lust auf Gut<\/div>\n<\/div>\n<\/div>\n<p>[\/et_pb_text][\/et_pb_column][\/et_pb_row][et_pb_row column_structure=&#8220;1_2,1_2&#8243; _builder_version=&#8220;4.25.1&#8243; _module_preset=&#8220;default&#8220; global_colors_info=&#8220;{}&#8220;][et_pb_column type=&#8220;1_2&#8243; _builder_version=&#8220;4.25.1&#8243; _module_preset=&#8220;default&#8220; global_colors_info=&#8220;{}&#8220;][et_pb_image src=&#8220;https:\/\/www.mmaurer.at\/wp-content\/uploads\/2024\/10\/IMG_7640.jpeg&#8220; title_text=&#8220;IMG_7640&#8243; _builder_version=&#8220;4.25.1&#8243; _module_preset=&#8220;default&#8220; border_radii=&#8220;on|30px|30px|30px|30px&#8220; global_colors_info=&#8220;{}&#8220;][\/et_pb_image][\/et_pb_column][et_pb_column type=&#8220;1_2&#8243; _builder_version=&#8220;4.25.1&#8243; _module_preset=&#8220;default&#8220; global_colors_info=&#8220;{}&#8220;][et_pb_image src=&#8220;https:\/\/www.mmaurer.at\/wp-content\/uploads\/2024\/10\/IMG_7642.jpeg&#8220; title_text=&#8220;IMG_7642&#8243; _builder_version=&#8220;4.25.1&#8243; _module_preset=&#8220;default&#8220; border_radii=&#8220;on|30px|30px|30px|30px&#8220; global_colors_info=&#8220;{}&#8220;][\/et_pb_image][\/et_pb_column][\/et_pb_row][\/et_pb_section][et_pb_section fb_built=&#8220;1&#8243; _builder_version=&#8220;4.25.1&#8243; _module_preset=&#8220;default&#8220; custom_padding=&#8220;||10px|||&#8220; global_colors_info=&#8220;{}&#8220;][et_pb_row _builder_version=&#8220;4.25.1&#8243; _module_preset=&#8220;default&#8220; global_colors_info=&#8220;{}&#8220;][et_pb_column type=&#8220;4_4&#8243; _builder_version=&#8220;4.25.1&#8243; _module_preset=&#8220;default&#8220; global_colors_info=&#8220;{}&#8220;][et_pb_text _builder_version=&#8220;4.25.1&#8243; _module_preset=&#8220;default&#8220; text_font=&#8220;|600|||||||&#8220; text_text_color=&#8220;gcid-primary-color&#8220; text_font_size=&#8220;50px&#8220; global_colors_info=&#8220;{%22gcid-primary-color%22:%91%22text_text_color%22%93}&#8220;]<\/p>\n<p>Award<\/p>\n<p>[\/et_pb_text][\/et_pb_column][\/et_pb_row][\/et_pb_section][et_pb_section fb_built=&#8220;1&#8243; _builder_version=&#8220;4.25.1&#8243; _module_preset=&#8220;default&#8220; custom_padding=&#8220;0px|||||&#8220; global_colors_info=&#8220;{}&#8220;][et_pb_row _builder_version=&#8220;4.25.1&#8243; _module_preset=&#8220;default&#8220; global_colors_info=&#8220;{}&#8220;][et_pb_column type=&#8220;4_4&#8243; _builder_version=&#8220;4.25.1&#8243; _module_preset=&#8220;default&#8220; global_colors_info=&#8220;{}&#8220;][et_pb_text _builder_version=&#8220;4.25.1&#8243; _module_preset=&#8220;default&#8220; text_font=&#8220;&#8211;et_global_body_font||||||||&#8220; text_text_color=&#8220;gcid-primary-color&#8220; text_font_size=&#8220;21px&#8220; custom_margin=&#8220;-4px||||false|false&#8220; global_colors_info=&#8220;{%22gcid-primary-color%22:%91%22text_text_color%22%93}&#8220;]<\/p>\n<div class=\"blockleft\"><span>\u00a0<\/span><span><\/span>10.Oktober 2019<\/div>\n<p>[\/et_pb_text][et_pb_text _builder_version=&#8220;4.25.1&#8243; _module_preset=&#8220;default&#8220; text_font=&#8220;&#8211;et_global_body_font||||||||&#8220; text_text_color=&#8220;#000000&#8243; text_font_size=&#8220;21px&#8220; custom_margin=&#8220;-4px||||false|false&#8220; global_colors_info=&#8220;{}&#8220;]<\/p>\n<div class=\"blockleft\">@Amazone Award<\/div>\n<p>[\/et_pb_text][\/et_pb_column][\/et_pb_row][et_pb_row _builder_version=&#8220;4.25.1&#8243; _module_preset=&#8220;default&#8220; custom_padding=&#8220;0px|||||&#8220; global_colors_info=&#8220;{}&#8220;][et_pb_column type=&#8220;4_4&#8243; _builder_version=&#8220;4.25.1&#8243; _module_preset=&#8220;default&#8220; global_colors_info=&#8220;{}&#8220;][et_pb_image src=&#8220;https:\/\/www.mmaurer.at\/wp-content\/uploads\/2024\/10\/IMG_7643.png&#8220; title_text=&#8220;IMG_7643&#8243; _builder_version=&#8220;4.25.1&#8243; _module_preset=&#8220;default&#8220; border_radii=&#8220;on|30px|30px|30px|30px&#8220; global_colors_info=&#8220;{}&#8220;][\/et_pb_image][\/et_pb_column][\/et_pb_row][\/et_pb_section]<\/p>\n","protected":false},"excerpt":{"rendered":"<p>PresseM.Maurer steht Medienvertreter:innen jederzeit gerne f\u00fcr Anfragen zur Verf\u00fcgung. Entsprechend sind im Laufe der Jahre zahlreiche Artikel sowie TV-Beitr\u00e4ge entstanden. F\u00fcr Medienanfragen, Intervieww\u00fcnsche sowie Foto- und Videotermine steht Ihnen Michael W. Schumpelt aus unserer Marketing-Abteilung als Ansprechpartner zur Verf\u00fcgung. Kontakt: <span \n                data-original-string='DrsDbyE3+DB6E6JZMMn+zQ==5d1F6eRy\/xoOkiEfPezkU+BqrRa5LMS22pJ4uvKIWj8JYc='\n                class='apbct-email-encoder'\n                title='This contact has been encoded by Anti-Spam by CleanTalk. Click to decode. To finish the decoding make sure that JavaScript is enabled in your browser.'>ma<span class=\"apbct-blur\">*******<\/span>@<span class=\"apbct-blur\">*****<\/span>er.at<\/span> ,\u00a0+43 1 523 10 43-11 Hier ein kleiner Einblick unserer Medienauftritte:Unser Imagefilm zur 160-Jahre Jubil\u00e4umsfeier\u00a015 Jahre Lena HoschekNachhaltigkeit02\/2020 Falter&#8217;s Best of ViennaDie 5 besten Traditionsmanufakturen11\/2020 Das Gro\u00dfe Buch der ManufakturenVon Olaf Sali\u00e9 in Zusammenarbeit mit der ZEIT.TV Ausstrahlungen25.10.2020 ORF 2&#8243;Heimat fremde Heimat&#8220; 03\/2020 ORF 2 &#8211; Studio 2 &#8222;Posamente&#8220;03\/2020 ORF 2 &#8211; Studio 2Vorbereitungen auf den Opernball21.03.2019 WienProducts(WKO) zu Besuch bei M.Maurer 28.09.2016 Servus TV &#8222;Krone&#8220; 14.03.2016 ORF &#8222;heute leben&#8220;2014 \u00d61 &#8211; Interview mit Konrad Maurerder Beruf des Posamentierers 05.04.1997 ORF &#8222;ins Land einischaun&#8220;Watchado&#8220;Posamentiererin23.10.2024 \u00d61&#8243;Fr\u00fcher gabs hier 80 Posamentierer&#8220;wienlive.at&#8220;M. Maurer Posamentrie &#8211; B\u00e4nder, Borten, Epauletten&#8220;Zeitungsberichte\u00a0 Dezember 2019 The world of interiors 09.06.2019 Wiener Zeitung\u00a0 &#8222;Fransen und Quasten&#8220; 24.01.2019 Wiener Bezirkszeitung Traditionsbetrieb sucht Nachwuchs&#8220; 29.\/30.12.2018 Der Standard Vienna Designweek 2018 26.09.2018 Falter Manufakturen mitten im Siebten 05.2018 Freizeit Kurier &#8211; Wohnen &#8222;Posamente&#8220; 05.2017 Mode Wien Magazin &#8222;von Kordeln und Quasten&#8220; 21.05.2017 &#8211; Die Presse Ein Haus mit Hang zur Verzierung 9.03.2016 Wiener Zeitung Des Bandlkramers Lieferanten 2011 Bregenzerwald Heft Die [&hellip;]<\/p>\n","protected":false},"author":6,"featured_media":0,"parent":0,"menu_order":0,"comment_status":"closed","ping_status":"closed","template":"","meta":{"_et_pb_use_builder":"on","_et_pb_old_content":"","_et_gb_content_width":"","footnotes":""},"class_list":["post-3009","page","type-page","status-publish","hentry"],"yoast_head":"<!-- This site is optimized with the Yoast SEO plugin v27.5 - https:\/\/yoast.com\/product\/yoast-seo-wordpress\/ -->\n<title>Presse | M.MAURER<\/title>\n<meta name=\"description\" content=\"Aktuelle Presseberichte \u00fcber M.MAURER: Jubil\u00e4um, Medienbeitr\u00e4ge und Artikel \u00fcber die traditionsreiche Posamenten-Manufaktur aus Wien.\" \/>\n<meta name=\"robots\" content=\"index, follow, max-snippet:-1, max-image-preview:large, max-video-preview:-1\" \/>\n<link rel=\"canonical\" href=\"https:\/\/www.mmaurer.at\/en\/press\/\" \/>\n<meta property=\"og:locale\" content=\"en_GB\" \/>\n<meta property=\"og:type\" content=\"article\" \/>\n<meta property=\"og:title\" content=\"Presse | M.MAURER\" \/>\n<meta property=\"og:description\" content=\"Aktuelle Presseberichte \u00fcber M.MAURER: Jubil\u00e4um, Medienbeitr\u00e4ge und Artikel \u00fcber die traditionsreiche Posamenten-Manufaktur aus Wien.\" \/>\n<meta property=\"og:url\" content=\"https:\/\/www.mmaurer.at\/en\/press\/\" \/>\n<meta property=\"og:site_name\" content=\"M.MAURER\" \/>\n<meta property=\"article:modified_time\" content=\"2026-02-08T19:29:46+00:00\" \/>\n<meta name=\"twitter:card\" content=\"summary_large_image\" \/>\n<meta name=\"twitter:label1\" content=\"Estimated reading time\" \/>\n\t<meta name=\"twitter:data1\" content=\"9 minutes\" \/>\n<script type=\"application\/ld+json\" class=\"yoast-schema-graph\">{\"@context\":\"https:\\\/\\\/schema.org\",\"@graph\":[{\"@type\":\"WebPage\",\"@id\":\"https:\\\/\\\/www.mmaurer.at\\\/presse\\\/\",\"url\":\"https:\\\/\\\/www.mmaurer.at\\\/presse\\\/\",\"name\":\"Presse | M.MAURER\",\"isPartOf\":{\"@id\":\"https:\\\/\\\/www.mmaurer.at\\\/#website\"},\"datePublished\":\"2021-05-23T19:19:02+00:00\",\"dateModified\":\"2026-02-08T19:29:46+00:00\",\"description\":\"Aktuelle Presseberichte \u00fcber M.MAURER: Jubil\u00e4um, Medienbeitr\u00e4ge und Artikel \u00fcber die traditionsreiche Posamenten-Manufaktur aus Wien.\",\"breadcrumb\":{\"@id\":\"https:\\\/\\\/www.mmaurer.at\\\/presse\\\/#breadcrumb\"},\"inLanguage\":\"en-GB\",\"potentialAction\":[{\"@type\":\"ReadAction\",\"target\":[\"https:\\\/\\\/www.mmaurer.at\\\/presse\\\/\"]}]},{\"@type\":\"BreadcrumbList\",\"@id\":\"https:\\\/\\\/www.mmaurer.at\\\/presse\\\/#breadcrumb\",\"itemListElement\":[{\"@type\":\"ListItem\",\"position\":1,\"name\":\"Startseite\",\"item\":\"https:\\\/\\\/www.mmaurer.at\\\/\"},{\"@type\":\"ListItem\",\"position\":2,\"name\":\"PRESSE\"}]},{\"@type\":\"WebSite\",\"@id\":\"https:\\\/\\\/www.mmaurer.at\\\/#website\",\"url\":\"https:\\\/\\\/www.mmaurer.at\\\/\",\"name\":\"M.MAURER\",\"description\":\"Posamente - Geflechte, Zierb\u00e4nder, gewebte Borten, Fransen, Kordeln, Litzen und Quasten, \u00fcberzogene Kn\u00f6pfe und \u00c4hnliches.\",\"potentialAction\":[{\"@type\":\"SearchAction\",\"target\":{\"@type\":\"EntryPoint\",\"urlTemplate\":\"https:\\\/\\\/www.mmaurer.at\\\/?s={search_term_string}\"},\"query-input\":{\"@type\":\"PropertyValueSpecification\",\"valueRequired\":true,\"valueName\":\"search_term_string\"}}],\"inLanguage\":\"en-GB\"}]}<\/script>\n<!-- \/ Yoast SEO plugin. -->","yoast_head_json":{"title":"Press | M.MAURER","description":"Current press reports about M.MAURER: Anniversary, media contributions and articles about the traditional trimmings manufacturer from Vienna.","robots":{"index":"index","follow":"follow","max-snippet":"max-snippet:-1","max-image-preview":"max-image-preview:large","max-video-preview":"max-video-preview:-1"},"canonical":"https:\/\/www.mmaurer.at\/en\/press\/","og_locale":"en_GB","og_type":"article","og_title":"Presse | M.MAURER","og_description":"Aktuelle Presseberichte \u00fcber M.MAURER: Jubil\u00e4um, Medienbeitr\u00e4ge und Artikel \u00fcber die traditionsreiche Posamenten-Manufaktur aus Wien.","og_url":"https:\/\/www.mmaurer.at\/en\/press\/","og_site_name":"M.MAURER","article_modified_time":"2026-02-08T19:29:46+00:00","twitter_card":"summary_large_image","twitter_misc":{"Estimated reading time":"9 minutes"},"schema":{"@context":"https:\/\/schema.org","@graph":[{"@type":"WebPage","@id":"https:\/\/www.mmaurer.at\/presse\/","url":"https:\/\/www.mmaurer.at\/presse\/","name":"Press | M.MAURER","isPartOf":{"@id":"https:\/\/www.mmaurer.at\/#website"},"datePublished":"2021-05-23T19:19:02+00:00","dateModified":"2026-02-08T19:29:46+00:00","description":"Current press reports about M.MAURER: Anniversary, media contributions and articles about the traditional trimmings manufacturer from Vienna.","breadcrumb":{"@id":"https:\/\/www.mmaurer.at\/presse\/#breadcrumb"},"inLanguage":"en-GB","potentialAction":[{"@type":"ReadAction","target":["https:\/\/www.mmaurer.at\/presse\/"]}]},{"@type":"BreadcrumbList","@id":"https:\/\/www.mmaurer.at\/presse\/#breadcrumb","itemListElement":[{"@type":"ListItem","position":1,"name":"Startseite","item":"https:\/\/www.mmaurer.at\/"},{"@type":"ListItem","position":2,"name":"PRESSE"}]},{"@type":"WebSite","@id":"https:\/\/www.mmaurer.at\/#website","url":"https:\/\/www.mmaurer.at\/","name":"M.MAURER","description":"Trimmings - braids, decorative ribbons, woven borders, fringes, cords, braids and tassels, covered buttons and the like.","potentialAction":[{"@type":"SearchAction","target":{"@type":"EntryPoint","urlTemplate":"https:\/\/www.mmaurer.at\/?s={search_term_string}"},"query-input":{"@type":"PropertyValueSpecification","valueRequired":true,"valueName":"search_term_string"}}],"inLanguage":"en-GB"}]}},"_links":{"self":[{"href":"https:\/\/www.mmaurer.at\/en\/wp-json\/wp\/v2\/pages\/3009","targetHints":{"allow":["GET"]}}],"collection":[{"href":"https:\/\/www.mmaurer.at\/en\/wp-json\/wp\/v2\/pages"}],"about":[{"href":"https:\/\/www.mmaurer.at\/en\/wp-json\/wp\/v2\/types\/page"}],"author":[{"embeddable":true,"href":"https:\/\/www.mmaurer.at\/en\/wp-json\/wp\/v2\/users\/6"}],"replies":[{"embeddable":true,"href":"https:\/\/www.mmaurer.at\/en\/wp-json\/wp\/v2\/comments?post=3009"}],"version-history":[{"count":40,"href":"https:\/\/www.mmaurer.at\/en\/wp-json\/wp\/v2\/pages\/3009\/revisions"}],"predecessor-version":[{"id":12748,"href":"https:\/\/www.mmaurer.at\/en\/wp-json\/wp\/v2\/pages\/3009\/revisions\/12748"}],"wp:attachment":[{"href":"https:\/\/www.mmaurer.at\/en\/wp-json\/wp\/v2\/media?parent=3009"}],"curies":[{"name":"wp","href":"https:\/\/api.w.org\/{rel}","templated":true}]}}